{"id":1114,"date":"2021-06-11T15:08:13","date_gmt":"2021-06-11T15:08:13","guid":{"rendered":"http:\/\/godel.cyon.link\/datenschutz\/"},"modified":"2026-02-09T14:40:05","modified_gmt":"2026-02-09T14:40:05","slug":"datenschutz","status":"publish","type":"page","link":"https:\/\/irenegodel.ch\/fr\/datenschutz\/","title":{"rendered":"PROTECTION DES DONN\u00c9ES"},"content":{"rendered":"<p>[et_pb_section fb_built=\u00a0\u00bb1&Prime; _builder_version=\u00a0\u00bb4.16&Prime; _module_preset=\u00a0\u00bbdefault\u00a0\u00bb global_colors_info=\u00a0\u00bb{}\u00a0\u00bb][et_pb_row _builder_version=\u00a0\u00bb4.16&Prime; _module_preset=\u00a0\u00bbdefault\u00a0\u00bb global_colors_info=\u00a0\u00bb{}\u00a0\u00bb][et_pb_column type=\u00a0\u00bb4_4&Prime; _builder_version=\u00a0\u00bb4.16&Prime; _module_preset=\u00a0\u00bbdefault\u00a0\u00bb global_colors_info=\u00a0\u00bb{}\u00a0\u00bb][et_pb_text _builder_version=\u00a0\u00bb4.16&Prime; _module_preset=\u00a0\u00bbdefault\u00a0\u00bb global_colors_info=\u00a0\u00bb{}\u00a0\u00bb]<\/p>\n<h1><span>PROTECTION DES DONN\u00c9ES (en Allemand)<\/span><\/h1>\n<p>&nbsp;<\/p>\n<p>Datenschutzerkl\u00e4rung<\/p>\n<p>&nbsp;<\/p>\n<p>Mit dieser <strong>Datenschutzerkl\u00e4rung<\/strong> informieren wir, welche Personendaten wir wof\u00fcr, wie und wo bearbeiten, insbesondere im Zusammenhang mit unserer <strong>https:\/\/irenegodel.ch\/-Website<\/strong> und unserem sonstigen Angebot. Wir informieren mit dieser Datenschutzerkl\u00e4rung ausserdem \u00fcber die Rechte von Personen, deren Daten wir bearbeiten.<\/p>\n<p>F\u00fcr einzelne oder zus\u00e4tzliche Angebote und Leistungen k\u00f6nnen besondere, erg\u00e4nzende oder weitere Datenschutzerkl\u00e4rungen sowie sonstige rechtliche Dokumente wie Allgemeine Gesch\u00e4ftsbedingungen (AGB), Nutzungsbedingungen oder Teilnahmebedingungen gelten.<\/p>\n<p>Unser Angebot unterliegt dem schweizerischen Datenschutzrecht sowie allenfalls anwendbarem ausl\u00e4ndischem Datenschutzrecht wie insbesondere jenem der Europ\u00e4ischen Union (EU) mit der Datenschutz-Grundverordnung (DSGVO). Die Europ\u00e4ische Kommission <a href=\"https:\/\/eur-lex.europa.eu\/legal-content\/DE\/TXT\/?uri=CELEX:32000D0518\" target=\"_blank\" rel=\"noopener noreferrer\">anerkennt<\/a>, dass das schweizerische Datenschutzrecht einen angemessenen Datenschutz gew\u00e4hrleistet.<\/p>\n<p>&nbsp;<\/p>\n<h2 id=\"kontaktadressen\">1. Kontaktadressen<\/h2>\n<p>Verantwortung f\u00fcr die Bearbeitung von Personendaten:<\/p>\n<p><strong id=\"verantwortlicher\">Irene Godel<\/strong><br \/><span>Rue de l\u2019Eglise 2<\/span><br \/><span>CH-1122 Romanel-sur-Morges<\/span><\/p>\n<p><a href=\"mailto:hallo@irenegodel.ch\">hallo@irenegodel.ch<\/a><\/p>\n<p>Wir weisen darauf hin, wenn es im Einzelfall andere Verantwortliche f\u00fcr die Bearbeitung von Personendaten gibt.<\/p>\n<p>&nbsp;<\/p>\n<h3 id=\"datenschutz-vertretung\">Datenschutz-Vertretung im Europ\u00e4ischen Wirtschaftsraum (EWR)<\/h3>\n<p>Wir verf\u00fcgen \u00fcber nachfolgende Datenschutz-Vertretung gem\u00e4ss <a href=\"https:\/\/steigerlegal.ch\/dsgvo\/dsgvo-27\/\" rel=\"nofollow noopener noreferrer\" target=\"_blank\">Art. 27 DSGVO<\/a> im Europ\u00e4ischen Wirtschaftsraum (EWR) einschliesslich Europ\u00e4ischer Union (EU) und F\u00fcrstentum Liechtenstein, Island und Norwegen als <em>zus\u00e4tzliche<\/em> Anlaufstelle f\u00fcr Aufsichtsbeh\u00f6rden und betroffene Personen f\u00fcr Anfragen im Zusammenhang mit der Datenschutz-Grundverordnung (DSGVO):<\/p>\n<p><a href=\"https:\/\/www.datenschutzpartner.eu\/kontakt\/\" rel=\"nofollow noopener noreferrer\" target=\"_blank\"><strong>VGS Datenschutzpartner UG<\/strong><\/a><br \/>Am Kaiserkai 69<br \/>20457 Hamburg<br \/>Deutschland<\/p>\n<p><a href=\"mailto:info@datenschutzpartner.eu\">info@datenschutzpartner.eu<\/a><\/p>\n<p>&nbsp;<\/p>\n<h2 id=\"bearbeitung\">2. Bearbeitung von Personendaten<\/h2>\n<h3 id=\"begriffe\">2.1 Begriffe<\/h3>\n<p><strong>Personendaten<\/strong> sind alle Angaben, die sich auf eine bestimmte oder bestimmbare Person beziehen. Eine <strong>betroffene Person<\/strong> ist eine Person, \u00fcber die Personendaten bearbeitet werden. <strong>Bearbeiten<\/strong> umfasst <em>jeden<\/em> Umgang mit Personendaten, <em>unabh\u00e4ngig<\/em> von den angewandten Mitteln und Verfahren, insbesondere das Aufbewahren, Bekanntgeben, Beschaffen, Erheben, L\u00f6schen, Speichern, Ver\u00e4ndern, Vernichten und Verwenden von Personendaten.<\/p>\n<p>Der <strong>Europ\u00e4ische Wirtschaftsraum (EWR)<\/strong> umfasst die Europ\u00e4ische Union (EU) sowie das F\u00fcrstentum Liechtenstein, Island und Norwegen. Die Datenschutz-Grundverordnung (DSGVO) bezeichnet die Bearbeitung von Personendaten als Verarbeitung von personenbezogenen Daten.<\/p>\n<h3 id=\"rechtsgrundlagen\">2.2 Rechtsgrundlagen<\/h3>\n<p>Wir bearbeiten Personendaten im Einklang mit dem schweizerischen Datenschutzrecht wie insbesondere dem <a href=\"https:\/\/www.admin.ch\/opc\/de\/classified-compilation\/19920153\/index.html\" target=\"_blank\" id=\"44261\" rel=\"noopener noreferrer\">Bundesgesetz \u00fcber den Datenschutz<\/a> (DSG) und der <a href=\"https:\/\/www.admin.ch\/opc\/de\/classified-compilation\/19930159\/index.html\" target=\"_blank\" rel=\"noopener noreferrer\">Verordnung zum Bundesgesetz \u00fcber den Datenschutz<\/a> (VDSG).<\/p>\n<p><span id=\"dsgvo\">Wir bearbeiten \u2013 sofern und soweit die Datenschutz-Grundverordnung (DSGVO) anwendbar ist \u2013 Personendaten gem\u00e4ss <em>mindestens<\/em> einer der folgenden Rechtsgrundlagen:<\/span><\/p>\n<ul>\n<li><a href=\"https:\/\/steigerlegal.ch\/dsgvo\/dsgvo-6\/\" rel=\"nofollow noopener noreferrer\" target=\"_blank\">Art. 6 Abs. 1 lit. b DSGVO<\/a> f\u00fcr die erforderliche Bearbeitung von Personendaten zur Erf\u00fcllung eines Vertrages mit der betroffenen Person sowie zur Durchf\u00fchrung vorvertraglicher Massnahmen.<\/li>\n<li>Art. 6 Abs. 1 lit. f DSGVO f\u00fcr die erforderliche Bearbeitung von Personendaten, um die berechtigten Interessen von uns oder von Dritten zu wahren, sofern nicht die Grundfreiheiten und Grundrechte sowie Interessen der betroffenen Person \u00fcberwiegen. Berechtigte Interessen sind insbesondere unser Interesse, unser Angebot dauerhaft, nutzerfreundlich, sicher und zuverl\u00e4ssig bereitstellen sowie daf\u00fcr bei Bedarf werben zu k\u00f6nnen, die Informationssicherheit sowie der Schutz vor Missbrauch und unbefugter Nutzung, die Durchsetzung von eigenen rechtlichen Anspr\u00fcchen und die Einhaltung von schweizerischem Recht.<\/li>\n<li>Art. 6 Abs. 1 lit. c DSGVO f\u00fcr die erforderliche Bearbeitung von Personendaten zur Erf\u00fcllung einer rechtlichen Verpflichtung, der wir gem\u00e4ss allenfalls anwendbarem Recht von Mitgliedstaaten im Europ\u00e4ischen Wirtschaftsraum (EWR) unterliegen.<\/li>\n<li>Art. 6 Abs. 1 lit. e DSGVO f\u00fcr die erforderliche Bearbeitung von Personendaten zur Wahrnehmung einer Aufgabe, die im \u00f6ffentlichen Interesse liegt.<\/li>\n<li>Art. 6 Abs. 1 lit. a DSGVO f\u00fcr die Bearbeitung von Personendaten mit Einwilligung der betroffenen Person.<\/li>\n<li>Art. 6 Abs. 1 lit. d DSGVO f\u00fcr die erforderliche Bearbeitung von Personendaten, um lebenswichtige Interessen der betroffenen Person oder einer anderen nat\u00fcrlichen Person zu sch\u00fctzen.<\/li>\n<\/ul>\n<h3 id=\"art-umfang-zweck\">2.3 Art, Umfang und Zweck<\/h3>\n<p>Wir bearbeiten jene Personendaten, die <strong>erforderlich<\/strong> sind, um unser Angebot dauerhaft, nutzerfreundlich, sicher und zuverl\u00e4ssig bereitstellen zu k\u00f6nnen. Solche Personendaten k\u00f6nnen insbesondere in die Kategorien von Bestandes- und Kontaktdaten, Browser- und Ger\u00e4tedaten, Inhaltsdaten, Meta- beziehungsweise Randdaten und Nutzungsdaten, Standortdaten, Verkaufs-, Vertrags- und Zahlungsdaten fallen.<\/p>\n<p>Wir bearbeiten Personendaten w\u00e4hrend jener <strong>Dauer<\/strong>, die f\u00fcr den jeweiligen Zweck beziehungsweise die jeweiligen Zwecke oder gesetzlich erforderlich ist. Personendaten, deren Bearbeitung nicht mehr erforderlich ist, werden anonymisiert oder gel\u00f6scht. Personen, deren Daten wir bearbeiten, haben <em>grunds\u00e4tzlich<\/em> ein Recht auf L\u00f6schung.<\/p>\n<p>Wir bearbeiten Personendaten <em>grunds\u00e4tzlich<\/em> nur nach Einwilligung der betroffenen Person, es sei denn, die Bearbeitung ist aus anderen rechtlichen Gr\u00fcnden zul\u00e4ssig, beispielsweise zur Erf\u00fcllung eines Vertrages mit der betroffenen Person und f\u00fcr entsprechende vorvertragliche Massnahmen, um unsere \u00fcberwiegenden berechtigten Interessen zu wahren, weil die Bearbeitung aus den Umst\u00e4nden ersichtlich ist oder nach vorg\u00e4ngiger Information.<\/p>\n<p>In diesem Rahmen bearbeiten wir insbesondere Angaben, die eine betroffene Person bei der Kontaktaufnahme \u2013 beispielsweise per Briefpost, E-Mail, Kontaktformular, Social Media oder Telefon \u2013 oder bei der Registrierung f\u00fcr ein Nutzerkonto <em>freiwillig und selbst<\/em> an uns \u00fcbermittelt. Wir k\u00f6nnen solche Angaben beispielsweise in einem Adressbuch oder mit vergleichbaren Hilfsmitteln speichern. Sofern Sie Personendaten \u00fcber Dritte an uns \u00fcbermitteln, sind Sie verpflichtet, den Datenschutz gegen\u00fcber solchen Dritten zu gew\u00e4hrleisten sowie die Richtigkeit solcher Personendaten sicherzustellen.<\/p>\n<p>Wir bearbeiten ausserdem Personendaten, die wir von Dritten erhalten, aus \u00f6ffentlich zug\u00e4nglichen Quellen beschaffen oder bei der Bereitstellung unseres Angebotes erheben, sofern und soweit eine solche Bearbeitung aus rechtlichen Gr\u00fcnden zul\u00e4ssig ist.<\/p>\n<h3 id=\"dritte\">2.4 Bearbeitung von Personendaten durch Dritte, auch im Ausland<\/h3>\n<p>Wir k\u00f6nnen Personendaten durch beauftragte Dritte bearbeiten lassen oder gemeinsam mit Dritten sowie mit Hilfe von Dritten bearbeiten oder an Dritte \u00fcbermitteln. Bei solchen Dritten handelt es sich insbesondere um Anbieter, deren Leistungen wir in Anspruch nehmen. Wir gew\u00e4hrleisten auch bei solchen Dritten einen angemessenen Datenschutz.<\/p>\n<p>Solche Dritte befinden sich <em>grunds\u00e4tzlich<\/em> in der Schweiz sowie im Europ\u00e4ischen Wirtschaftsraum (EWR). Solche Dritte k\u00f6nnen sich aber auch in sonstigen Staaten und Territorien auf der Erde sowie anderswo im Universum befinden, sofern deren Datenschutzrecht nach <a href=\"https:\/\/www.edoeb.admin.ch\/edoeb\/de\/home\/datenschutz\/handel-und-wirtschaft\/uebermittlung-ins-ausland.html\" rel=\"nofollow noopener noreferrer\" target=\"_blank\">Einsch\u00e4tzung des Eidgen\u00f6ssischen Datenschutz- und \u00d6ffentlichkeitsbeauftragten<\/a> (ED\u00d6B) und \u2013 sofern und soweit die Datenschutz-Grundverordnung (DSGVO) anwendbar ist \u2013 nach <a href=\"https:\/\/ec.europa.eu\/info\/law\/law-topic\/data-protection\/data-transfers-outside-eu\/adequacy-protection-personal-data-non-eu-countries_de\" rel=\"nofollow noopener noreferrer\" target=\"_blank\">Einsch\u00e4tzung der Europ\u00e4ischen Kommission<\/a> \u2013 einen angemessenen Datenschutz gew\u00e4hrleistet, oder wenn aus anderen Gr\u00fcnden, wie beispielsweise durch eine entsprechende vertragliche Vereinbarung, insbesondere auf Grundlage von Standardvertragsklauseln, oder durch eine entsprechende Zertifizierung, ein angemessener Datenschutz gew\u00e4hrleistet ist. Ausnahmsweise kann sich ein solcher Dritter in einem Land ohne angemessenen Datenschutz befinden, sofern daf\u00fcr die datenschutzrechtlichen Voraussetzungen wie beispielsweise die ausdr\u00fcckliche Einwilligung der betroffenen Person erf\u00fcllt werden.<\/p>\n<p>&nbsp;<\/p>\n<h2 id=\"rechte\">3. Rechte von betroffenen Personen<\/h2>\n<p>Betroffene Personen, deren Personendaten wir bearbeiten, verf\u00fcgen \u00fcber die Rechte gem\u00e4ss schweizerischem Datenschutzrecht. Dazu z\u00e4hlen das Recht auf Auskunft sowie das Recht auf Berichtigung, L\u00f6schung oder Sperrung der bearbeiteten Personendaten.<\/p>\n<p>Betroffene Personen, deren Personendaten wir bearbeiten, k\u00f6nnen \u2013 sofern und soweit die Datenschutz-Grundverordnung (DSGVO) anwendbar ist \u2013 unentgeltlich eine Best\u00e4tigung, ob wir ihre Personendaten bearbeiten und, falls ja, Auskunft \u00fcber die Bearbeitung ihrer Personendaten verlangen, die Bearbeitung ihrer Personendaten einschr\u00e4nken lassen, ihr Recht auf Daten\u00fcbertragbarkeit wahrnehmen sowie ihre Personendaten berichtigen, l\u00f6schen (\u00abRecht auf Vergessen\u00bb), sperren oder vervollst\u00e4ndigen lassen.<\/p>\n<p>Betroffene Personen, deren Personendaten wir bearbeiten, k\u00f6nnen \u2013 sofern und soweit die DSGVO anwendbar ist \u2013 eine erteilte Einwilligung jederzeit mit Wirkung f\u00fcr die Zukunft widerrufen und jederzeit Widerspruch gegen die Bearbeitung ihrer Personendaten erheben.<\/p>\n<p>Betroffene Personen, deren Personendaten wir bearbeiten, verf\u00fcgen \u00fcber ein Beschwerderecht bei einer zust\u00e4ndigen Aufsichtsbeh\u00f6rde. Aufsichtsbeh\u00f6rde f\u00fcr den Datenschutz in der Schweiz ist der <a href=\"https:\/\/www.edoeb.admin.ch\/edoeb\/de\/home\/der-edoeb\/kontakt.html\" rel=\"nofollow noopener noreferrer\" target=\"_blank\">Eidgen\u00f6ssische Datenschutz- und \u00d6ffentlichkeitsbeauftragte<\/a> (ED\u00d6B).<\/p>\n<p>&nbsp;<\/p>\n<h2 id=\"sicherheit\">4. Datensicherheit<\/h2>\n<p>Wir treffen angemessene sowie geeignete technische und organisatorische Massnahmen, um den Datenschutz und insbesondere die Datensicherheit zu gew\u00e4hrleisten. Allerdings kann die Bearbeitung von Personendaten im Internet trotz solcher Massnahmen immer Sicherheitsl\u00fccken aufweisen. Wir k\u00f6nnen deshalb keine absolute Datensicherheit gew\u00e4hrleisten.<\/p>\n<p>Der Zugriff auf unser Online-Angebot erfolgt mittels Transportverschl\u00fcsselung (SSL \/ TLS, insbesondere mit dem Hypertext Transfer Protocol Secure, abgek\u00fcrzt HTTPS). Die meisten Browser kennzeichnen Transportverschl\u00fcsselung mit einem Vorh\u00e4ngeschloss in der Adressleiste.<\/p>\n<p>Der Zugriff auf unser Online-Angebot unterliegt \u2013 wie <em>grunds\u00e4tzlich<\/em> jede Internet-Nutzung \u2013 der anlasslosen und verdachtsunabh\u00e4ngigen Massen\u00fcberwachung sowie sonstiger \u00dcberwachung durch Sicherheitsbeh\u00f6rden in der Schweiz, in der Europ\u00e4ischen Union (EU), in den Vereinigten Staaten von Amerika (USA) und in anderen Staaten. Wir k\u00f6nnen keinen direkten Einfluss auf die entsprechende Bearbeitung von Personendaten durch Geheimdienste, Polizeistellen und andere Sicherheitsbeh\u00f6rden nehmen.<\/p>\n<p>&nbsp;<\/p>\n<h2 id=\"website\">5. Nutzung der Website<\/h2>\n<h3 id=\"cookies\">5.1 Cookies<\/h3>\n<p>Wir k\u00f6nnen Cookies f\u00fcr unsere Website verwenden. Bei Cookies \u2013 bei eigenen Cookies (First-Party-Cookies) als auch bei Cookies von Dritten, deren Dienste wir nutzen (Cookies von Dritten beziehungsweise Third-Party-Cookies) \u2013 handelt es sich um Daten, die in Ihrem Browser gespeichert werden. Solche gespeicherten Daten m\u00fcssen nicht auf traditionelle Cookies in Textform beschr\u00e4nkt sein. Cookies k\u00f6nnen keine Programme ausf\u00fchren oder Schadsoftware wie Trojaner und Viren \u00fcbertragen.<\/p>\n<p>Cookies k\u00f6nnen beim Besuch unserer Website in Ihrem Browser tempor\u00e4r als \u00abSession Cookies\u00bb oder f\u00fcr einen bestimmten Zeitraum als sogenannte permanente Cookies gespeichert werden. \u00abSession Cookies\u00bb werden automatisch gel\u00f6scht, wenn Sie Ihren Browser schliessen. Permanente Cookies haben eine bestimmte Speicherdauer. Sie erm\u00f6glichen insbesondere, Ihren Browser beim n\u00e4chsten Besuch unserer Website wiederzuerkennen und dadurch beispielsweise die Reichweite unserer Website zu messen. Permanente Cookies k\u00f6nnen aber beispielsweise auch f\u00fcr Online-Marketing verwendet werden.<\/p>\n<p>Sie k\u00f6nnen Cookies in Ihren Browser-Einstellungen jederzeit ganz oder teilweise deaktivieren sowie l\u00f6schen. Ohne Cookies steht unsere Website allenfalls nicht mehr in vollem Umfang zur Verf\u00fcgung. Wir ersuchen Sie \u2013 sofern und soweit erforderlich \u2013 aktiv um Ihre ausdr\u00fcckliche Einwilligung f\u00fcr die Verwendung von Cookies.<\/p>\n<p>Bei Cookies, die f\u00fcr die Erfolgs- und Reichweitenmessung oder f\u00fcr Werbung verwendet werden, ist f\u00fcr zahlreiche Dienste ein allgemeiner Widerspruch (\u00abOpt-out\u00bb) \u00fcber die <a href=\"https:\/\/optout.networkadvertising.org\/\" target=\"_blank\" rel=\"noopener noreferrer\">Network Advertising Initiative<\/a> (NAI), <a href=\"https:\/\/optout.aboutads.info\/\" target=\"_blank\" rel=\"noopener noreferrer\">YourAdChoices<\/a> (Digital Advertising Alliance) oder <a href=\"https:\/\/www.youronlinechoices.com\/ch-de\/praferenzmanagement\" target=\"_blank\" rel=\"noopener noreferrer\">Your Online Choices<\/a> (European Interactive Digital Advertising Alliance, EDAA) m\u00f6glich.<\/p>\n<h3 id=\"logdateien\">5.2 Server-Logdateien<\/h3>\n<p>Wir k\u00f6nnen f\u00fcr jeden Zugriff auf unsere Website nachfolgende Angaben erfassen, sofern diese von Ihrem Browser an unsere Server-Infrastruktur \u00fcbermittelt werden oder von unserem Webserver ermittelt werden k\u00f6nnen: Datum und Zeit einschliesslich Zeitzone, Internet Protocol (IP)-Adresse, Zugriffsstatus (HTTP-Statuscode), Betriebssystem einschliesslich Benutzeroberfl\u00e4che und Version, Browser einschliesslich Sprache und Version, aufgerufene einzelne Unter-Seite unserer Website einschliesslich \u00fcbertragener Datenmenge, zuletzt im gleichen Browser-Fenster aufgerufene Webseite (Referer beziehungsweise Referrer).<\/p>\n<p>Wir speichern solche Angaben, die auch Personendaten darstellen k\u00f6nnen, in Server-Logdateien. Die Angaben sind erforderlich, um unser Online-Angebot dauerhaft, nutzerfreundlich und zuverl\u00e4ssig bereitstellen sowie um die Datensicherheit und damit insbesondere den Schutz von Personendaten sicherstellen zu k\u00f6nnen \u2013 auch durch Dritte oder mit Hilfe von Dritten.<\/p>\n<h3 id=\"zaehlpixel\">5.3 Z\u00e4hlpixel<\/h3>\n<p>Wir k\u00f6nnen Z\u00e4hlpixel auf unserer Website verwenden. Z\u00e4hlpixel werden auch als Web-Beacons bezeichnet. Bei Z\u00e4hlpixeln \u2013 auch von Dritten, deren Dienste wir nutzen \u2013 handelt es sich um kleine, \u00fcblicherweise nicht sichtbare Bilder, die beim Besuch unserer Website automatisch abgerufen werden. Mit Z\u00e4hlpixeln k\u00f6nnen die gleichen Angaben wie in Server-Logdateien erfasst werden.<\/p>\n<p>&nbsp;<\/p>\n<h2 id=\"social-media\">6. Social Media<\/h2>\n<p>Wir sind auf Social Media-Plattformen und anderen Online-Plattformen pr\u00e4sent, um mit interessierten Personen kommunizieren und \u00fcber unser Angebot informieren zu k\u00f6nnen. Dabei k\u00f6nnen Personendaten auch ausserhalb der Schweiz und des Europ\u00e4ischen Wirtschaftsraumes (EWR) bearbeitet werden.<\/p>\n<p>Es gelten jeweils auch die Allgemeinen Gesch\u00e4ftsbedingungen (AGB) und Nutzungsbedingungen sowie Datenschutzerkl\u00e4rungen und sonstigen Bestimmungen der einzelnen Betreiber solcher Online-Plattformen. Diese Bestimmungen informieren insbesondere \u00fcber die Rechte von betroffenen Personen, wozu insbesondere das Recht auf Auskunft z\u00e4hlt.<\/p>\n<p>&nbsp;<\/p>\n<h2 id=\"analytics\">7. Erfolgs- und Reichweitenmessung<\/h2>\n<p>Wir verwenden Dienste und Programme, um zu ermitteln, wie unser Online-Angebot genutzt wird. In diesem Rahmen k\u00f6nnen wir zum Beispiel den Erfolg und die Reichweite unseres Online-Angebotes sowie die Wirkung von Verlinkungen Dritter auf unsere Website messen. Wir k\u00f6nnen aber beispielsweise auch ausprobieren und vergleichen, wie unterschiedliche Versionen unseres Online-Angebotes oder Teile unseres Online-Angebotes genutzt werden (\u00abA\/B-Test\u00bb-Methode). Aufgrund der Ergebnisse der Erfolgs- und Reichweitenmessung k\u00f6nnen wir insbesondere Fehler beheben, besonders gefragte Inhalte st\u00e4rken oder Verbesserungen an unserem Online-Angebot vornehmen.<\/p>\n<p>Bei der Verwendung von Diensten und Programmen f\u00fcr die Erfolgs- und Reichweitenmessung m\u00fcssen die Internet Protocol (IP)-Adressen von einzelnen Nutzerinnen und Nutzern gespeichert werden. IP-Adressen werden <em>grunds\u00e4tzlich<\/em> gek\u00fcrzt, um durch die entsprechende Pseudonymisierung dem Grundsatz der Datensparsamkeit zu folgen sowie den Datenschutz der Besucherinnen und Besucher unserer Website zu verbessern (\u00abIP-Masking\u00bb).<\/p>\n<p>Bei der Verwendung von Diensten und Programmen f\u00fcr die Erfolgs- und Reichweitenmessung k\u00f6nnen Cookies zum Einsatz kommen und Nutzerprofile erstellt werden. Nutzerprofile umfassen beispielsweise die besuchten Seiten oder betrachteten Inhalte auf unserer Website, Angaben zur Gr\u00f6sse von Bildschirm oder Browserfenster und den \u2013 zumindest ungef\u00e4hren \u2013 Standort. <em>Grunds\u00e4tzlich<\/em> werden Nutzerprofile ausschliesslich pseudonymisiert erstellt. Wir verwenden Nutzerprofile nicht f\u00fcr die Identifizierung einzelner Besucherinnen und Besucher unserer Website. Einzelne Dienste, bei denen Sie als Nutzerin oder Nutzer angemeldet sind, k\u00f6nnen die Nutzung unseres Online-Angebotes allenfalls Ihrem Profil beim jeweiligen Dienst zuordnen, wobei Sie daf\u00fcr \u00fcblicherweise vorg\u00e4ngig Ihre Einwilligung in diese Zuordnung erteilen mussten.<\/p>\n<p>Wir verwenden insbesondere:<\/p>\n<ul>\n<li><strong><a href=\"https:\/\/www.awstats.org\/\" rel=\"nofollow noopener noreferrer\" target=\"_blank\">AWStats:<\/a><\/strong> Erfolgs- und Reichweitenmessung; Anbieterin: AWStats (freie Open Source-Software); Angaben zum Datenschutz: Auswertung von Server-Logdateien auf eigener Server-Infrastruktur, <a href=\"https:\/\/awstats.sourceforge.io\/docs\/awstats_what.html\" rel=\"nofollow noopener noreferrer\" target=\"_blank\">\u00abWas ist AWStats \/ \u00dcbersicht \u00fcber die Funktionen\u00bb (\u00abWhat is AWStats \/ Features Overview\u00bb)<\/a>.<\/li>\n<\/ul>\n<h2 id=\"dienste\">8. Dienste von Dritten<\/h2>\n<p>Wir verwenden Dienste von Dritten, um unser Angebot dauerhaft, nutzerfreundlich, sicher und zuverl\u00e4ssig bereitstellen zu k\u00f6nnen. Solche Dienste dienen auch dazu, Inhalte in unsere Website einbetten zu k\u00f6nnen. Solche Dienste \u2013 beispielsweise Hosting- und Speicherdienste, Video-Dienste und Zahlungsdienste \u2013 ben\u00f6tigen Ihre Internet Protocol (IP)-Adresse, da solche Dienste die entsprechenden Inhalte ansonsten nicht \u00fcbermitteln k\u00f6nnen. Solche Dienste k\u00f6nnen sich ausserhalb der Schweiz und des Europ\u00e4ischen Wirtschaftsraumes (EWR) befinden, sofern ein angemessener Datenschutz gew\u00e4hrleistet ist.<\/p>\n<p>F\u00fcr ihre eigenen sicherheitsrelevanten, statistischen und technischen Zwecke k\u00f6nnen Dritte, deren Dienste wir nutzen, auch Daten im Zusammenhang mit unserem Angebot sowie aus anderen Quellen \u2013 unter anderem mit Cookies, Logdateien und Z\u00e4hlpixeln \u2013 aggregiert, anonymisiert oder pseudonymisiert bearbeiten.<\/p>\n<h3 id=\"infrastruktur\">8.1 Digitale Infrastruktur<\/h3>\n<p>Wir nutzen Dienste von Dritten, um ben\u00f6tigte digitale Infrastruktur f\u00fcr unser Angebot in Anspruch nehmen zu k\u00f6nnen. Dazu z\u00e4hlen beispielsweise Hosting- und Speicherdienste von spezialisierten Anbietern.<\/p>\n<p>Wir verwenden insbesondere:<\/p>\n<ul>\n<li><strong><a href=\"https:\/\/www.cyon.ch\/\" rel=\"nofollow noopener noreferrer\" target=\"_blank\">Cyon:<\/a><\/strong> Hosting; Anbieterin: Cyon GmbH (Schweiz); Angaben zum Datenschutz: <a href=\"https:\/\/www.cyon.ch\/legal\/privacy\" rel=\"nofollow noopener noreferrer\" target=\"_blank\">Datenschutzerkl\u00e4rung<\/a>.<\/li>\n<li><strong><a href=\"https:\/\/wordpress.com\/\" rel=\"nofollow noopener noreferrer\" target=\"_blank\">WordPress.com:<\/a><\/strong> Blog-Hosting und Website-Baukasten; Anbieterinnen: Automattic Inc. (USA) \/ Aut O\u2019Mattic A8C Ireland Ltd. (Irland) f\u00fcr Nutzerinnen und Nutzer unter anderem in Europa; Angaben zum Datenschutz: <a href=\"https:\/\/automattic.com\/de\/privacy\/\" rel=\"nofollow noopener noreferrer\" target=\"_blank\">Datenschutzerkl\u00e4rung<\/a>, <a href=\"https:\/\/wordpress.com\/de\/support\/automattic-dsgvo\/\" rel=\"nofollow noopener noreferrer\" target=\"_blank\">\u00abAutomattic und die Datenschutz-Grundverordnung (DSGVO)\u00bb<\/a>, <a href=\"https:\/\/automattic.com\/cookies\/\" rel=\"nofollow noopener noreferrer\" target=\"_blank\">Cookie-Richtlinie<\/a>.<\/li>\n<\/ul>\n<h3 id=\"medien\">8.2 Audiovisuelle Medien<\/h3>\n<p>Wir verwenden Dienste von Dritten, um das direkte Abspielen von audiovisuellen Medien wie beispielsweise Musik oder Videos auf unserer Website zu erm\u00f6glichen.<\/p>\n<p>Wir verwenden insbesondere:<\/p>\n<ul>\n<li><strong><a href=\"https:\/\/vimeo.com\/de\" rel=\"nofollow noopener noreferrer\" target=\"_blank\">Vimeo:<\/a><\/strong> Videos; Anbieterin: Vimeo Inc. (USA); Angaben zum Datenschutz: <a href=\"https:\/\/help.vimeo.com\/hc\/de\/sections\/203915088-Datenschutz\" rel=\"nofollow noopener noreferrer\" target=\"_blank\">\u00abDatenschutz\u00bb<\/a>, <a href=\"https:\/\/vimeo.com\/privacy\" rel=\"nofollow noopener noreferrer\" target=\"_blank\">Datenschutzerkl\u00e4rung<\/a>.<\/li>\n<\/ul>\n<h3 id=\"schriftarten\">8.3 Schriftarten<\/h3>\n<p>Wir verwenden Dienste von Dritten, um ausgew\u00e4hlte Schriftarten sowie Icons, Logos und Symbole in unsere Website einbetten zu k\u00f6nnen.<\/p>\n<p>Wir verwenden insbesondere:<\/p>\n<ul>\n<li><strong><a href=\"https:\/\/fonts.google.com\" rel=\"nofollow noopener noreferrer\" target=\"_blank\">Google Fonts:<\/a><\/strong> Schriftarten; Anbieterinnen: Google LLC (USA) \/ Google Ireland Limited (Irland) f\u00fcr Nutzerinnen und Nutzer im Europ\u00e4ischen Wirtschaftsraum (EWR) und in der Schweiz; Angaben zum Datenschutz: <a href=\"https:\/\/developers.google.com\/fonts\/faq#what_does_using_the_google_fonts_api_mean_for_the_privacy_of_my_users\" rel=\"nofollow noopener noreferrer\" target=\"_blank\">\u00abWas bedeutet die Verwendung der Google Fonts-API f\u00fcr die Privatsph\u00e4re meiner Nutzerinnen und Nutzer?\u00bb (\u00abWhat does using the Google Fonts API mean for the privacy of my users?\u00bb)<\/a>, <a href=\"https:\/\/safety.google\/intl\/de\/principles\/\" rel=\"nofollow noopener noreferrer\" target=\"_blank\">\u00abGrunds\u00e4tze zu Datenschutz und Sicherheit\u00bb<\/a>, <a href=\"https:\/\/policies.google.com\/privacy?hl=de\" rel=\"nofollow noopener noreferrer\" target=\"_blank\">Datenschutzerkl\u00e4rung<\/a>.<\/li>\n<\/ul>\n<h2 id=\"erweiterungen\">9. Erweiterungen f\u00fcr die Website<\/h2>\n<p>Wir verwenden Erweiterungen f\u00fcr unsere Website, um zus\u00e4tzliche Funktionen nutzen zu k\u00f6nnen.<\/p>\n<p>Wir verwenden insbesondere:<\/p>\n<ul>\n<li><strong><a href=\"https:\/\/www.google.com\/recaptcha\/\" rel=\"nofollow noopener noreferrer\" target=\"_blank\">Google reCAPTCHA:<\/a><\/strong> Spamschutz (Unterscheidung zwischen erw\u00fcnschten Kommentaren, die von Menschen stammen, und unerw\u00fcnschten Kommentaren von Bots sowie Spam); Anbieterinnen: Google LLC (USA) \/ Google Ireland Limited (Irland) f\u00fcr Nutzerinnen und Nutzer im Europ\u00e4ischen Wirtschaftsraum (EWR) und in der Schweiz; Angaben zum Datenschutz: <a href=\"https:\/\/developers.google.com\/recaptcha\/\" rel=\"nofollow noopener noreferrer\" target=\"_blank\">\u00abWas ist reCAPTCHA?\u00bb (\u00abWhat is reCAPTCHA?\u00bb)<\/a>, <a href=\"https:\/\/safety.google\/intl\/de\/principles\/\" rel=\"nofollow noopener noreferrer\" target=\"_blank\">\u00abGrunds\u00e4tze zu Datenschutz und Sicherheit\u00bb<\/a>, <a href=\"https:\/\/policies.google.com\/privacy?hl=de\" rel=\"nofollow noopener noreferrer\" target=\"_blank\">Datenschutzerkl\u00e4rung<\/a>, <a href=\"https:\/\/policies.google.com\/technologies\/cookies?hl=de\" rel=\"nofollow noopener noreferrer\" target=\"_blank\">\u00abSo verwendet Google Cookies\u00bb<\/a>.<\/li>\n<\/ul>\n<h2 id=\"schlussbestimmungen\">10. Schlussbestimmungen<\/h2>\n<p>Wir haben diese Datenschutzerkl\u00e4rung mit dem <a href=\"https:\/\/www.datenschutzpartner.ch\/angebot-datenschutz-generator\/\" rel=\"nofollow noopener noreferrer\" target=\"_blank\">Datenschutz-Generator<\/a> von <a href=\"https:\/\/datenschutzpartner.ch\/\" rel=\"nofollow noopener noreferrer\" target=\"_blank\">Datenschutzpartner<\/a> erstellt.<\/p>\n<p>Wir k\u00f6nnen diese Datenschutzerkl\u00e4rung jederzeit anpassen und erg\u00e4nzen. Wir werden \u00fcber solche Anpassungen und Erg\u00e4nzungen in geeigneter Form informieren, insbesondere durch Ver\u00f6ffentlichung der jeweils aktuellen Datenschutzerkl\u00e4rung auf unserer Website.<\/p>\n<p>[\/et_pb_text][\/et_pb_column][\/et_pb_row][\/et_pb_section][et_pb_section fb_built=\u00a0\u00bb1&Prime; _builder_version=\u00a0\u00bb4.16&Prime; _module_preset=\u00a0\u00bbdefault\u00a0\u00bb background_color=\u00a0\u00bb#000000&Prime; saved_tabs=\u00a0\u00bball\u00a0\u00bb global_colors_info=\u00a0\u00bb{}\u00a0\u00bb][et_pb_row _builder_version=\u00a0\u00bb4.16&Prime; _module_preset=\u00a0\u00bbdefault\u00a0\u00bb global_colors_info=\u00a0\u00bb{}\u00a0\u00bb][et_pb_column type=\u00a0\u00bb4_4&Prime; _builder_version=\u00a0\u00bb4.16&Prime; _module_preset=\u00a0\u00bbdefault\u00a0\u00bb global_colors_info=\u00a0\u00bb{}\u00a0\u00bb][et_pb_text _builder_version=\u00a0\u00bb4.16&Prime; _module_preset=\u00a0\u00bbdefault\u00a0\u00bb text_text_color=\u00a0\u00bb#FFFFFF\u00a0\u00bb global_colors_info=\u00a0\u00bb{}\u00a0\u00bb]<\/p>\n<p style=\"text-align: center;\"><span style=\"color: #ffffff;\"><a href=\"\/impressum\" style=\"color: #ffffff;\">IMPRESSUM\u00a0<\/a><\/span> \u2666\u00a0 <a href=\"\/datenschutz\">DATENSCHUTZ<\/a>\u00a0 \u2666\u00a0 <span style=\"color: #ffffff;\"><a href=\"\/kontakt\" style=\"color: #ffffff;\">KONTAKT<\/a><\/span><br \/>\u00a9 Irene Godel\u00a0 \u2666\u00a0 Made with <span style=\"color: #ff0000;\">\u2665<\/span> by <span style=\"color: #ffffff;\"><a href=\"https:\/\/webelyne.ch\/\" target=\"_blank\" rel=\"noopener\" style=\"color: #ffffff;\">webelyne<\/a><\/span><\/p>\n<p>[\/et_pb_text][\/et_pb_column][\/et_pb_row][\/et_pb_section]<\/p>\n","protected":false},"excerpt":{"rendered":"<p>PROTECTION DES DONN\u00c9ES (en Allemand) &nbsp; Datenschutzerkl\u00e4rung &nbsp; Mit dieser Datenschutzerkl\u00e4rung informieren wir, welche Personendaten wir wof\u00fcr, wie und wo bearbeiten, insbesondere im Zusammenhang mit unserer https:\/\/irenegodel.ch\/-Website und unserem sonstigen Angebot. Wir informieren mit dieser Datenschutzerkl\u00e4rung ausserdem \u00fcber die Rechte von Personen, deren Daten wir bearbeiten. F\u00fcr einzelne oder zus\u00e4tzliche Angebote und Leistungen k\u00f6nnen besondere, [&hellip;]<\/p>\n","protected":false},"author":1,"featured_media":0,"parent":0,"menu_order":0,"comment_status":"closed","ping_status":"closed","template":"","meta":{"_et_pb_use_builder":"on","_et_pb_old_content":"","_et_gb_content_width":"","footnotes":""},"class_list":["post-1114","page","type-page","status-publish","hentry"],"yoast_head":"<!-- This site is optimized with the Yoast SEO plugin v27.4 - https:\/\/yoast.com\/product\/yoast-seo-wordpress\/ -->\n<title>PROTECTION DES DONN\u00c9ES - Irene Godel<\/title>\n<meta name=\"description\" content=\"Avec cette d\u00e9claration de protection des donn\u00e9es, nous vous informons des donn\u00e9es personnelles que nous traitons, notamment en relation avec notre site Internet.\" \/>\n<meta name=\"robots\" content=\"index, follow, max-snippet:-1, max-image-preview:large, max-video-preview:-1\" \/>\n<link rel=\"canonical\" href=\"https:\/\/irenegodel.ch\/fr\/datenschutz\/\" \/>\n<meta property=\"og:locale\" content=\"fr_FR\" \/>\n<meta property=\"og:type\" content=\"article\" \/>\n<meta property=\"og:title\" content=\"PROTECTION DES DONN\u00c9ES - Irene Godel\" \/>\n<meta property=\"og:description\" content=\"Avec cette d\u00e9claration de protection des donn\u00e9es, nous vous informons des donn\u00e9es personnelles que nous traitons, notamment en relation avec notre site Internet.\" \/>\n<meta property=\"og:url\" content=\"https:\/\/irenegodel.ch\/fr\/datenschutz\/\" \/>\n<meta property=\"og:site_name\" content=\"Irene Godel\" \/>\n<meta property=\"article:modified_time\" content=\"2026-02-09T14:40:05+00:00\" \/>\n<meta name=\"twitter:card\" content=\"summary_large_image\" \/>\n<meta name=\"twitter:site\" content=\"@GodelIrene\" \/>\n<meta name=\"twitter:label1\" content=\"Dur\u00e9e de lecture estim\u00e9e\" \/>\n\t<meta name=\"twitter:data1\" content=\"11 minutes\" \/>\n<script type=\"application\/ld+json\" class=\"yoast-schema-graph\">{\"@context\":\"https:\\\/\\\/schema.org\",\"@graph\":[{\"@type\":\"WebPage\",\"@id\":\"https:\\\/\\\/irenegodel.ch\\\/fr\\\/datenschutz\\\/\",\"url\":\"https:\\\/\\\/irenegodel.ch\\\/fr\\\/datenschutz\\\/\",\"name\":\"PROTECTION DES DONN\u00c9ES - Irene Godel\",\"isPartOf\":{\"@id\":\"https:\\\/\\\/irenegodel.ch\\\/#website\"},\"datePublished\":\"2021-06-11T15:08:13+00:00\",\"dateModified\":\"2026-02-09T14:40:05+00:00\",\"description\":\"Avec cette d\u00e9claration de protection des donn\u00e9es, nous vous informons des donn\u00e9es personnelles que nous traitons, notamment en relation avec notre site Internet.\",\"breadcrumb\":{\"@id\":\"https:\\\/\\\/irenegodel.ch\\\/fr\\\/datenschutz\\\/#breadcrumb\"},\"inLanguage\":\"fr-FR\",\"potentialAction\":[{\"@type\":\"ReadAction\",\"target\":[\"https:\\\/\\\/irenegodel.ch\\\/fr\\\/datenschutz\\\/\"]}]},{\"@type\":\"BreadcrumbList\",\"@id\":\"https:\\\/\\\/irenegodel.ch\\\/fr\\\/datenschutz\\\/#breadcrumb\",\"itemListElement\":[{\"@type\":\"ListItem\",\"position\":1,\"name\":\"Startseite\",\"item\":\"https:\\\/\\\/irenegodel.ch\\\/fr\\\/\"},{\"@type\":\"ListItem\",\"position\":2,\"name\":\"PROTECTION DES DONN\u00c9ES\"}]},{\"@type\":\"WebSite\",\"@id\":\"https:\\\/\\\/irenegodel.ch\\\/#website\",\"url\":\"https:\\\/\\\/irenegodel.ch\\\/\",\"name\":\"Irene Godel\",\"description\":\"Schauspielerin | Sprecherin\",\"publisher\":{\"@id\":\"https:\\\/\\\/irenegodel.ch\\\/#organization\"},\"potentialAction\":[{\"@type\":\"SearchAction\",\"target\":{\"@type\":\"EntryPoint\",\"urlTemplate\":\"https:\\\/\\\/irenegodel.ch\\\/?s={search_term_string}\"},\"query-input\":{\"@type\":\"PropertyValueSpecification\",\"valueRequired\":true,\"valueName\":\"search_term_string\"}}],\"inLanguage\":\"fr-FR\"},{\"@type\":\"Organization\",\"@id\":\"https:\\\/\\\/irenegodel.ch\\\/#organization\",\"name\":\"Irene Godel\",\"url\":\"https:\\\/\\\/irenegodel.ch\\\/\",\"logo\":{\"@type\":\"ImageObject\",\"inLanguage\":\"fr-FR\",\"@id\":\"https:\\\/\\\/irenegodel.ch\\\/#\\\/schema\\\/logo\\\/image\\\/\",\"url\":\"https:\\\/\\\/irenegodel.ch\\\/wp-content\\\/uploads\\\/2021\\\/08\\\/Logo-Irene-godel-klein.jpg\",\"contentUrl\":\"https:\\\/\\\/irenegodel.ch\\\/wp-content\\\/uploads\\\/2021\\\/08\\\/Logo-Irene-godel-klein.jpg\",\"width\":100,\"height\":62,\"caption\":\"Irene Godel\"},\"image\":{\"@id\":\"https:\\\/\\\/irenegodel.ch\\\/#\\\/schema\\\/logo\\\/image\\\/\"},\"sameAs\":[\"https:\\\/\\\/x.com\\\/GodelIrene\",\"https:\\\/\\\/instagram.com\\\/irenegodel\",\"https:\\\/\\\/www.linkedin.com\\\/in\\\/irene-godel-9512b716\\\/\"]}]}<\/script>\n<!-- \/ Yoast SEO plugin. -->","yoast_head_json":{"title":"PROTECTION DES DONN\u00c9ES - Irene Godel","description":"Avec cette d\u00e9claration de protection des donn\u00e9es, nous vous informons des donn\u00e9es personnelles que nous traitons, notamment en relation avec notre site Internet.","robots":{"index":"index","follow":"follow","max-snippet":"max-snippet:-1","max-image-preview":"max-image-preview:large","max-video-preview":"max-video-preview:-1"},"canonical":"https:\/\/irenegodel.ch\/fr\/datenschutz\/","og_locale":"fr_FR","og_type":"article","og_title":"PROTECTION DES DONN\u00c9ES - Irene Godel","og_description":"Avec cette d\u00e9claration de protection des donn\u00e9es, nous vous informons des donn\u00e9es personnelles que nous traitons, notamment en relation avec notre site Internet.","og_url":"https:\/\/irenegodel.ch\/fr\/datenschutz\/","og_site_name":"Irene Godel","article_modified_time":"2026-02-09T14:40:05+00:00","twitter_card":"summary_large_image","twitter_site":"@GodelIrene","twitter_misc":{"Dur\u00e9e de lecture estim\u00e9e":"11 minutes"},"schema":{"@context":"https:\/\/schema.org","@graph":[{"@type":"WebPage","@id":"https:\/\/irenegodel.ch\/fr\/datenschutz\/","url":"https:\/\/irenegodel.ch\/fr\/datenschutz\/","name":"PROTECTION DES DONN\u00c9ES - Irene Godel","isPartOf":{"@id":"https:\/\/irenegodel.ch\/#website"},"datePublished":"2021-06-11T15:08:13+00:00","dateModified":"2026-02-09T14:40:05+00:00","description":"Avec cette d\u00e9claration de protection des donn\u00e9es, nous vous informons des donn\u00e9es personnelles que nous traitons, notamment en relation avec notre site Internet.","breadcrumb":{"@id":"https:\/\/irenegodel.ch\/fr\/datenschutz\/#breadcrumb"},"inLanguage":"fr-FR","potentialAction":[{"@type":"ReadAction","target":["https:\/\/irenegodel.ch\/fr\/datenschutz\/"]}]},{"@type":"BreadcrumbList","@id":"https:\/\/irenegodel.ch\/fr\/datenschutz\/#breadcrumb","itemListElement":[{"@type":"ListItem","position":1,"name":"Startseite","item":"https:\/\/irenegodel.ch\/fr\/"},{"@type":"ListItem","position":2,"name":"PROTECTION DES DONN\u00c9ES"}]},{"@type":"WebSite","@id":"https:\/\/irenegodel.ch\/#website","url":"https:\/\/irenegodel.ch\/","name":"Irene Godel","description":"Schauspielerin | Sprecherin","publisher":{"@id":"https:\/\/irenegodel.ch\/#organization"},"potentialAction":[{"@type":"SearchAction","target":{"@type":"EntryPoint","urlTemplate":"https:\/\/irenegodel.ch\/?s={search_term_string}"},"query-input":{"@type":"PropertyValueSpecification","valueRequired":true,"valueName":"search_term_string"}}],"inLanguage":"fr-FR"},{"@type":"Organization","@id":"https:\/\/irenegodel.ch\/#organization","name":"Irene Godel","url":"https:\/\/irenegodel.ch\/","logo":{"@type":"ImageObject","inLanguage":"fr-FR","@id":"https:\/\/irenegodel.ch\/#\/schema\/logo\/image\/","url":"https:\/\/irenegodel.ch\/wp-content\/uploads\/2021\/08\/Logo-Irene-godel-klein.jpg","contentUrl":"https:\/\/irenegodel.ch\/wp-content\/uploads\/2021\/08\/Logo-Irene-godel-klein.jpg","width":100,"height":62,"caption":"Irene Godel"},"image":{"@id":"https:\/\/irenegodel.ch\/#\/schema\/logo\/image\/"},"sameAs":["https:\/\/x.com\/GodelIrene","https:\/\/instagram.com\/irenegodel","https:\/\/www.linkedin.com\/in\/irene-godel-9512b716\/"]}]}},"_links":{"self":[{"href":"https:\/\/irenegodel.ch\/fr\/wp-json\/wp\/v2\/pages\/1114","targetHints":{"allow":["GET"]}}],"collection":[{"href":"https:\/\/irenegodel.ch\/fr\/wp-json\/wp\/v2\/pages"}],"about":[{"href":"https:\/\/irenegodel.ch\/fr\/wp-json\/wp\/v2\/types\/page"}],"author":[{"embeddable":true,"href":"https:\/\/irenegodel.ch\/fr\/wp-json\/wp\/v2\/users\/1"}],"replies":[{"embeddable":true,"href":"https:\/\/irenegodel.ch\/fr\/wp-json\/wp\/v2\/comments?post=1114"}],"version-history":[{"count":6,"href":"https:\/\/irenegodel.ch\/fr\/wp-json\/wp\/v2\/pages\/1114\/revisions"}],"predecessor-version":[{"id":2871,"href":"https:\/\/irenegodel.ch\/fr\/wp-json\/wp\/v2\/pages\/1114\/revisions\/2871"}],"wp:attachment":[{"href":"https:\/\/irenegodel.ch\/fr\/wp-json\/wp\/v2\/media?parent=1114"}],"curies":[{"name":"wp","href":"https:\/\/api.w.org\/{rel}","templated":true}]}}