{"id":1051,"date":"2021-04-27T11:33:38","date_gmt":"2021-04-27T11:33:38","guid":{"rendered":"http:\/\/godel.cyon.link\/moderatorin\/"},"modified":"2023-06-23T08:36:20","modified_gmt":"2023-06-23T08:36:20","slug":"animatrice","status":"publish","type":"page","link":"https:\/\/irenegodel.ch\/fr\/animatrice\/","title":{"rendered":"Animatrice"},"content":{"rendered":"<p>[et_pb_section fb_built=\u00a0\u00bb1&Prime; fullwidth=\u00a0\u00bbon\u00a0\u00bb disabled_on=\u00a0\u00bbon|off|off\u00a0\u00bb _builder_version=\u00a0\u00bb4.16&Prime; _module_preset=\u00a0\u00bbdefault\u00a0\u00bb global_colors_info=\u00a0\u00bb{}\u00a0\u00bb][et_pb_fullwidth_header title=\u00a0\u00bbProfessionnalisme, charisme &#038; \u00e9l\u00e9gance\u00a0\u00bb header_fullscreen=\u00a0\u00bbon\u00a0\u00bb button_one_text=\u00a0\u00bbSHOWREEL \u00c9V\u00c9NEMENTS &#038; COMMUNICATION\u00a0\u00bb button_one_url=\u00a0\u00bb#EVENTS\u00a0\u00bb content_max_width=\u00a0\u00bb32%\u00a0\u00bb content_tablet=\u00a0\u00bb<\/p>\n<p>Als Profi-Schauspielerin, seit 1995, hat Irene Godel auch F\u00e4higkeiten in Gesang, Tanz, Clown und Improvisation entwickelt. Was auch immer die Anfrage ist, sie stellt sich den Herausforderungen.<\/p>\n<p>\u00a0\u00bb content_phone=\u00a0\u00bb<\/p>\n<p>Als Profi-Schauspielerin, seit 1995, hat Irene Godel auch F\u00e4higkeiten in Gesang, Tanz, Clown und Improvisation entwickelt. Was auch immer die Anfrage ist, sie stellt sich den Herausforderungen.<\/p>\n<p>\u00a0\u00bb content_last_edited=\u00a0\u00bbon|phone\u00a0\u00bb content_max_width_tablet=\u00a0\u00bb79%\u00a0\u00bb content_max_width_phone=\u00a0\u00bb99%\u00a0\u00bb content_max_width_last_edited=\u00a0\u00bbon|phone\u00a0\u00bb _builder_version=\u00a0\u00bb4.16&Prime; title_font=\u00a0\u00bbPlayfair Display|600||on|||||\u00a0\u00bb title_text_color=\u00a0\u00bb#e12467&Prime; title_font_size=\u00a0\u00bb60px\u00a0\u00bb title_line_height=\u00a0\u00bb1.4em\u00a0\u00bb content_font=\u00a0\u00bb||||||||\u00a0\u00bb content_font_size=\u00a0\u00bb18px\u00a0\u00bb content_line_height=\u00a0\u00bb1.8em\u00a0\u00bb background_color=\u00a0\u00bbrgba(1,2,41,0)\u00a0\u00bb background_image=\u00a0\u00bbhttps:\/\/irenegodel.ch\/wp-content\/uploads\/2021\/08\/4-Multimedias_WEB.jpg\u00a0\u00bb custom_button_one=\u00a0\u00bbon\u00a0\u00bb button_one_text_size=\u00a0\u00bb15px\u00a0\u00bb button_one_text_color=\u00a0\u00bb#FFFFFF\u00a0\u00bb button_one_bg_color=\u00a0\u00bbRGBA(0,0,0,0)\u00a0\u00bb button_one_border_width=\u00a0\u00bb1px\u00a0\u00bb button_one_border_color=\u00a0\u00bb#FFFFFF\u00a0\u00bb button_one_border_radius=\u00a0\u00bb10px\u00a0\u00bb button_one_font=\u00a0\u00bb|600|||||||\u00a0\u00bb button_one_icon=\u00a0\u00bb&#x22;||divi||400&Prime; custom_button_two=\u00a0\u00bbon\u00a0\u00bb button_two_text_size=\u00a0\u00bb15px\u00a0\u00bb button_two_border_width=\u00a0\u00bb1px\u00a0\u00bb button_two_border_radius=\u00a0\u00bb10px\u00a0\u00bb button_two_font=\u00a0\u00bb|600|||||||\u00a0\u00bb button_two_icon=\u00a0\u00bb&#x22;||divi||400&Prime; custom_padding_tablet=\u00a0\u00bb|82px|||false|false\u00a0\u00bb custom_padding_phone=\u00a0\u00bb\u00a0\u00bb custom_padding_last_edited=\u00a0\u00bbon|phone\u00a0\u00bb title_text_color_tablet=\u00a0\u00bb#ffffff\u00a0\u00bb title_text_color_phone=\u00a0\u00bb#FFFFFF\u00a0\u00bb title_text_color_last_edited=\u00a0\u00bbon|desktop\u00a0\u00bb title_font_size_tablet=\u00a0\u00bb48px\u00a0\u00bb title_font_size_phone=\u00a0\u00bb30px\u00a0\u00bb title_font_size_last_edited=\u00a0\u00bbon|phone\u00a0\u00bb title_line_height_tablet=\u00a0\u00bb\u00a0\u00bb title_line_height_phone=\u00a0\u00bb\u00a0\u00bb title_line_height_last_edited=\u00a0\u00bbon|phone\u00a0\u00bb content_font_size_tablet=\u00a0\u00bb\u00a0\u00bb content_font_size_phone=\u00a0\u00bb20px\u00a0\u00bb content_font_size_last_edited=\u00a0\u00bbon|phone\u00a0\u00bb background_last_edited=\u00a0\u00bbon|desktop\u00a0\u00bb use_background_color_gradient_phone=\u00a0\u00bbon\u00a0\u00bb background_color_gradient_stops_phone=\u00a0\u00bbrgba(0,0,0,0.33) 0%|rgba(0,0,0,0.17) 100%\u00a0\u00bb background_color_gradient_overlays_image_phone=\u00a0\u00bbon\u00a0\u00bb background_color_gradient_start_phone=\u00a0\u00bbrgba(0,0,0,0.33)\u00a0\u00bb background_color_gradient_end_phone=\u00a0\u00bbrgba(0,0,0,0.17)\u00a0\u00bb background_image_tablet=\u00a0\u00bbhttps:\/\/irenegodel.ch\/wp-content\/uploads\/2021\/08\/moderatorin.jpg\u00a0\u00bb background_image_phone=\u00a0\u00bbhttp:\/\/irenegodel.ch\/wp-content\/uploads\/2021\/08\/moderatorin.jpg\u00a0\u00bb background_enable_image_tablet=\u00a0\u00bbon\u00a0\u00bb background_enable_image_phone=\u00a0\u00bbon\u00a0\u00bb background_position_tablet=\u00a0\u00bbcenter\u00a0\u00bb background_position_phone=\u00a0\u00bbcenter_right\u00a0\u00bb button_one_border_width_tablet=\u00a0\u00bb\u00a0\u00bb button_one_border_width_phone=\u00a0\u00bb\u00a0\u00bb button_one_border_width_last_edited=\u00a0\u00bbon|desktop\u00a0\u00bb button_two_bg_color_tablet=\u00a0\u00bb\u00a0\u00bb button_two_bg_color_phone=\u00a0\u00bb\u00a0\u00bb button_two_bg_color_last_edited=\u00a0\u00bbon|desktop\u00a0\u00bb border_color_all=\u00a0\u00bb#ffffff\u00a0\u00bb global_colors_info=\u00a0\u00bb{}\u00a0\u00bb button_one_text_color__hover_enabled=\u00a0\u00bbon|desktop\u00a0\u00bb button_one_text_color__hover=\u00a0\u00bb#FFFFFF\u00a0\u00bb button_one_bg_color__hover_enabled=\u00a0\u00bbon|hover\u00a0\u00bb button_one_bg_color__hover=\u00a0\u00bb#e12467&Prime; button_one_border_color__hover_enabled=\u00a0\u00bbon|desktop\u00a0\u00bb button_one_border_color__hover=\u00a0\u00bbRGBA(0,0,0,0)\u00a0\u00bb button_one_bg_enable_color__hover=\u00a0\u00bbon\u00a0\u00bb button_one_letter_spacing__hover_enabled=\u00a0\u00bbon|hover\u00a0\u00bb button_one_letter_spacing__hover=\u00a0\u00bb3px\u00a0\u00bb button_one_border_width__hover_enabled=\u00a0\u00bbon|hover\u00a0\u00bb button_one_border_width__hover=\u00a0\u00bb1px\u00a0\u00bb button_two_bg_color__hover_enabled=\u00a0\u00bbon|hover\u00a0\u00bb button_two_bg_color__hover=\u00a0\u00bb#e12467&Prime; button_two_bg_enable_color__hover=\u00a0\u00bbon\u00a0\u00bb background__hover_enabled=\u00a0\u00bbon|hover\u00a0\u00bb background_image__hover=\u00a0\u00bbhttps:\/\/irenegodel.ch\/wp-content\/uploads\/2021\/08\/4-Multimedias_WEB.jpg\u00a0\u00bb background_enable_image__hover=\u00a0\u00bbon\u00a0\u00bb]<\/p>\n<p style=\"text-align: left;\">Qu&rsquo;il s&rsquo;agisse de campagnes d&rsquo;information et de pr\u00e9vention, de formation du personnel, de spots publicitaires ou d&rsquo;animation TV, Irene Godel r\u00e9pond avec comp\u00e9tence \u00e0 toutes sortes d&rsquo;exigences, sans oublier la capacit\u00e9 de basculer couramment entre le fran\u00e7ais, l&rsquo;allemand, l&rsquo;anglais ou le suisse allemand.<\/p>\n<p>[\/et_pb_fullwidth_header][\/et_pb_section][et_pb_section fb_built=\u00a0\u00bb1&Prime; fullwidth=\u00a0\u00bbon\u00a0\u00bb disabled_on=\u00a0\u00bboff|on|on\u00a0\u00bb _builder_version=\u00a0\u00bb4.16&Prime; _module_preset=\u00a0\u00bbdefault\u00a0\u00bb background_image=\u00a0\u00bbhttps:\/\/irenegodel.ch\/wp-content\/uploads\/2021\/08\/moderatorin.jpg\u00a0\u00bb background_position=\u00a0\u00bbcenter_right\u00a0\u00bb custom_padding=\u00a0\u00bb50vw||50vw||true|false\u00a0\u00bb background_last_edited=\u00a0\u00bbon|desktop\u00a0\u00bb background_image_tablet=\u00a0\u00bbhttps:\/\/irenegodel.ch\/wp-content\/uploads\/2021\/08\/moderatorin.jpg\u00a0\u00bb background_image_phone=\u00a0\u00bbhttps:\/\/irenegodel.ch\/wp-content\/uploads\/2021\/08\/moderatorin.jpg\u00a0\u00bb background_enable_image_tablet=\u00a0\u00bbon\u00a0\u00bb background_enable_image_phone=\u00a0\u00bbon\u00a0\u00bb global_colors_info=\u00a0\u00bb{}\u00a0\u00bb background__hover_enabled=\u00a0\u00bbon|hover\u00a0\u00bb background_image__hover=\u00a0\u00bbhttps:\/\/irenegodel.ch\/wp-content\/uploads\/2021\/08\/moderatorin.jpg\u00a0\u00bb background_enable_image__hover=\u00a0\u00bbon\u00a0\u00bb][\/et_pb_section][et_pb_section fb_built=\u00a0\u00bb1&Prime; disabled_on=\u00a0\u00bboff|on|on\u00a0\u00bb _builder_version=\u00a0\u00bb4.16&Prime; _module_preset=\u00a0\u00bbdefault\u00a0\u00bb background_color=\u00a0\u00bbrgba(255,234,206,0.71)\u00a0\u00bb custom_padding=\u00a0\u00bb20px||||false|false\u00a0\u00bb global_colors_info=\u00a0\u00bb{}\u00a0\u00bb][et_pb_row _builder_version=\u00a0\u00bb4.16&Prime; _module_preset=\u00a0\u00bbdefault\u00a0\u00bb global_colors_info=\u00a0\u00bb{}\u00a0\u00bb][et_pb_column type=\u00a0\u00bb4_4&Prime; _builder_version=\u00a0\u00bb4.16&Prime; _module_preset=\u00a0\u00bbdefault\u00a0\u00bb global_colors_info=\u00a0\u00bb{}\u00a0\u00bb][et_pb_text _builder_version=\u00a0\u00bb4.16&Prime; _module_preset=\u00a0\u00bbdefault\u00a0\u00bb header_font=\u00a0\u00bbPlayfair Display|600|||||||\u00a0\u00bb header_text_color=\u00a0\u00bb#e12467&Prime; header_font_size=\u00a0\u00bb24px\u00a0\u00bb header_line_height=\u00a0\u00bb1.4em\u00a0\u00bb global_colors_info=\u00a0\u00bb{}\u00a0\u00bb]<\/p>\n<h1>PROFESSIONALIT\u00c4T, CHARISMA &amp; ELEGANZ<\/h1>\n<p>Qu&rsquo;il s&rsquo;agisse de campagnes d&rsquo;information et de pr\u00e9vention, de formation du personnel, de spots publicitaires ou d&rsquo;animation TV, Irene Godel r\u00e9pond avec comp\u00e9tence \u00e0 toutes sortes d&rsquo;exigences, sans oublier la capacit\u00e9 de basculer couramment entre le fran\u00e7ais, l&rsquo;allemand, l&rsquo;anglais ou le suisse allemand.<\/p>\n<p>[\/et_pb_text][et_pb_button button_url=\u00a0\u00bb#EVENTS\u00a0\u00bb button_text=\u00a0\u00bbSHOWREEL \u00c9V\u00c9NEMENTS &#038; COMMUNICATION\u00a0\u00bb _builder_version=\u00a0\u00bb4.16&Prime; _module_preset=\u00a0\u00bbdefault\u00a0\u00bb custom_button=\u00a0\u00bbon\u00a0\u00bb button_text_size=\u00a0\u00bb16px\u00a0\u00bb button_text_color=\u00a0\u00bb#000000&Prime; button_bg_color=\u00a0\u00bbRGBA(0,0,0,0)\u00a0\u00bb button_border_width=\u00a0\u00bb1px\u00a0\u00bb button_border_radius=\u00a0\u00bb10px\u00a0\u00bb button_icon=\u00a0\u00bb&#x22;||divi||400&Prime; button_text_size_tablet=\u00a0\u00bb\u00a0\u00bb button_text_size_phone=\u00a0\u00bb14px\u00a0\u00bb button_text_size_last_edited=\u00a0\u00bbon|phone\u00a0\u00bb global_colors_info=\u00a0\u00bb{}\u00a0\u00bb button_text_color__hover_enabled=\u00a0\u00bbon|hover\u00a0\u00bb button_text_color__hover=\u00a0\u00bb#FFFFFF\u00a0\u00bb button_bg_color__hover_enabled=\u00a0\u00bbon|desktop\u00a0\u00bb button_bg_color__hover=\u00a0\u00bb#e12467&Prime; button_bg_enable_color__hover=\u00a0\u00bbon\u00a0\u00bb][\/et_pb_button][\/et_pb_column][\/et_pb_row][\/et_pb_section][et_pb_section fb_built=\u00a0\u00bb1&Prime; _builder_version=\u00a0\u00bb4.16&Prime; _module_preset=\u00a0\u00bbdefault\u00a0\u00bb global_colors_info=\u00a0\u00bb{}\u00a0\u00bb][et_pb_row module_id=\u00a0\u00bbWERBUNG\u00a0\u00bb _builder_version=\u00a0\u00bb4.16&Prime; _module_preset=\u00a0\u00bbdefault\u00a0\u00bb global_colors_info=\u00a0\u00bb{}\u00a0\u00bb][et_pb_column type=\u00a0\u00bb4_4&Prime; _builder_version=\u00a0\u00bb4.16&Prime; _module_preset=\u00a0\u00bbdefault\u00a0\u00bb global_colors_info=\u00a0\u00bb{}\u00a0\u00bb][et_pb_text _builder_version=\u00a0\u00bb4.16&Prime; _module_preset=\u00a0\u00bbdefault\u00a0\u00bb header_font=\u00a0\u00bbPlayfair Display|600|||||||\u00a0\u00bb header_text_color=\u00a0\u00bb#e12467&Prime; header_font_size=\u00a0\u00bb60px\u00a0\u00bb header_font_size_tablet=\u00a0\u00bb46px\u00a0\u00bb header_font_size_phone=\u00a0\u00bb32px\u00a0\u00bb header_font_size_last_edited=\u00a0\u00bbon|phone\u00a0\u00bb global_colors_info=\u00a0\u00bb{}\u00a0\u00bb]<\/p>\n<h1>SHOWREEL<\/h1>\n<p>[\/et_pb_text][\/et_pb_column][\/et_pb_row][et_pb_row module_id=\u00a0\u00bbEVENTS\u00a0\u00bb _builder_version=\u00a0\u00bb4.16&Prime; _module_preset=\u00a0\u00bbdefault\u00a0\u00bb custom_padding=\u00a0\u00bb50px||||false|false\u00a0\u00bb global_colors_info=\u00a0\u00bb{}\u00a0\u00bb][et_pb_column type=\u00a0\u00bb4_4&Prime; _builder_version=\u00a0\u00bb4.16&Prime; _module_preset=\u00a0\u00bbdefault\u00a0\u00bb global_colors_info=\u00a0\u00bb{}\u00a0\u00bb][et_pb_text _builder_version=\u00a0\u00bb4.16&Prime; _module_preset=\u00a0\u00bbdefault\u00a0\u00bb header_3_font=\u00a0\u00bb|700|||||||\u00a0\u00bb header_3_text_color=\u00a0\u00bb#000000&Prime; background_color=\u00a0\u00bbRGBA(0,0,0,0)\u00a0\u00bb custom_padding=\u00a0\u00bb||||false|false\u00a0\u00bb global_colors_info=\u00a0\u00bb{}\u00a0\u00bb]<\/p>\n<h3 style=\"text-align: left;\">\u00c9V\u00c9NEMENTS &amp; COMMUNICATION<\/h3>\n<p>[\/et_pb_text][et_pb_code _builder_version=\u00a0\u00bb4.21.0&Prime; _module_preset=\u00a0\u00bbdefault\u00a0\u00bb hover_enabled=\u00a0\u00bb0&Prime; global_colors_info=\u00a0\u00bb{}\u00a0\u00bb sticky_enabled=\u00a0\u00bb0&Prime;]<video:player_loc><iframe loading=\"lazy\" title=\"vimeo-player\" src=\"https:\/\/player.vimeo.com\/video\/572116173?h=8d0434574b\" width=\"640\" height=\"360\" frameborder=\"0\"    allowfullscreen><\/iframe><\/video:player_loc>[\/et_pb_code][\/et_pb_column][\/et_pb_row][\/et_pb_section][et_pb_section fb_built=\u00a0\u00bb1&Prime; _builder_version=\u00a0\u00bb4.16&Prime; _module_preset=\u00a0\u00bbdefault\u00a0\u00bb background_color=\u00a0\u00bb#000000&Prime; global_module=\u00a0\u00bb1017&Prime; global_colors_info=\u00a0\u00bb{}\u00a0\u00bb][et_pb_row _builder_version=\u00a0\u00bb4.16&Prime; _module_preset=\u00a0\u00bbdefault\u00a0\u00bb global_colors_info=\u00a0\u00bb{}\u00a0\u00bb][et_pb_column type=\u00a0\u00bb4_4&Prime; _builder_version=\u00a0\u00bb4.16&Prime; _module_preset=\u00a0\u00bbdefault\u00a0\u00bb global_colors_info=\u00a0\u00bb{}\u00a0\u00bb][et_pb_text _builder_version=\u00a0\u00bb4.17.6&Prime; _module_preset=\u00a0\u00bbdefault\u00a0\u00bb text_text_color=\u00a0\u00bb#FFFFFF\u00a0\u00bb text_font_size_tablet=\u00a0\u00bb\u00a0\u00bb text_font_size_phone=\u00a0\u00bb12px\u00a0\u00bb text_font_size_last_edited=\u00a0\u00bbon|phone\u00a0\u00bb global_colors_info=\u00a0\u00bb{}\u00a0\u00bb]<\/p>\n<p style=\"text-align: center;\"><span style=\"color: #ffffff;\"><a href=\"\/fr\/kontakt\/\" style=\"color: #ffffff;\">CONTACT<\/a><\/span><\/p>\n<p style=\"text-align: center;\"><span style=\"color: #ffffff;\"><a href=\"\/fr\/impressum\/\" style=\"color: #ffffff;\">IMPRESSUM<\/a>\u00a0 |\u00a0 <a href=\"\/fr\/datenschutz\" style=\"color: #ffffff;\">PROTECTION DES DONN\u00c9ES<\/a> \u00a0 |\u00a0 <a href=\"\/FR\/cookie-richtlinie\/\" style=\"color: #ffffff;\">POLITIQUE DE COOKIES<\/a><\/span><br \/><span style=\"color: #ffffff;\">\u00a9 Irene Godel\u00a0 |\u00a0 Made with<\/span> <span style=\"color: #ff0000;\">\u2665<\/span> <span style=\"color: #ffffff;\">by <a style=\"color: #ffffff;\" href=\"https:\/\/webelyne.ch\/\" target=\"_blank\" rel=\"noopener\">webelyne<\/a><\/span><\/p>\n<p>[\/et_pb_text][\/et_pb_column][\/et_pb_row][\/et_pb_section]<\/p>\n","protected":false},"excerpt":{"rendered":"<p>Qu&rsquo;il s&rsquo;agisse de campagnes d&rsquo;information et de pr\u00e9vention, de formation du personnel, de spots publicitaires ou d&rsquo;animation TV, Irene Godel r\u00e9pond avec comp\u00e9tence \u00e0 toutes sortes d&rsquo;exigences, sans oublier la capacit\u00e9 de basculer couramment entre le fran\u00e7ais, l&rsquo;allemand, l&rsquo;anglais ou le suisse allemand.PROFESSIONALIT\u00c4T, CHARISMA &amp; ELEGANZ Qu&rsquo;il s&rsquo;agisse de campagnes d&rsquo;information et de pr\u00e9vention, de [&hellip;]<\/p>\n","protected":false},"author":1,"featured_media":0,"parent":0,"menu_order":0,"comment_status":"closed","ping_status":"closed","template":"","meta":{"_et_pb_use_builder":"on","_et_pb_old_content":"","_et_gb_content_width":"","footnotes":""},"class_list":["post-1051","page","type-page","status-publish","hentry"],"yoast_head":"<!-- This site is optimized with the Yoast SEO plugin v27.4 - https:\/\/yoast.com\/product\/yoast-seo-wordpress\/ -->\n<title>Animatrice Irene Godel -<\/title>\n<meta name=\"description\" content=\"De nombreuses ann\u00e9es d&#039;exp\u00e9rience dans l&#039;animation multilingue de campagnes d&#039;information et de pr\u00e9vention, de formations ou d&#039;\u00e9v\u00e9nements.\" \/>\n<meta name=\"robots\" content=\"index, follow, max-snippet:-1, max-image-preview:large, max-video-preview:-1\" \/>\n<link rel=\"canonical\" href=\"https:\/\/irenegodel.ch\/fr\/animatrice\/\" \/>\n<meta property=\"og:locale\" content=\"fr_FR\" \/>\n<meta property=\"og:type\" content=\"article\" \/>\n<meta property=\"og:title\" content=\"Animatrice Irene Godel -\" \/>\n<meta property=\"og:description\" content=\"De nombreuses ann\u00e9es d&#039;exp\u00e9rience dans l&#039;animation multilingue de campagnes d&#039;information et de pr\u00e9vention, de formations ou d&#039;\u00e9v\u00e9nements.\" \/>\n<meta property=\"og:url\" content=\"https:\/\/irenegodel.ch\/fr\/animatrice\/\" \/>\n<meta property=\"og:site_name\" content=\"Irene Godel\" \/>\n<meta property=\"article:modified_time\" content=\"2023-06-23T08:36:20+00:00\" \/>\n<meta name=\"twitter:card\" content=\"summary_large_image\" \/>\n<meta name=\"twitter:site\" content=\"@GodelIrene\" \/>\n<meta name=\"twitter:label1\" content=\"Dur\u00e9e de lecture estim\u00e9e\" \/>\n\t<meta name=\"twitter:data1\" content=\"2 minutes\" \/>\n<script type=\"application\/ld+json\" class=\"yoast-schema-graph\">{\"@context\":\"https:\\\/\\\/schema.org\",\"@graph\":[{\"@type\":\"WebPage\",\"@id\":\"https:\\\/\\\/irenegodel.ch\\\/fr\\\/animatrice\\\/\",\"url\":\"https:\\\/\\\/irenegodel.ch\\\/fr\\\/animatrice\\\/\",\"name\":\"Animatrice Irene Godel -\",\"isPartOf\":{\"@id\":\"https:\\\/\\\/irenegodel.ch\\\/#website\"},\"datePublished\":\"2021-04-27T11:33:38+00:00\",\"dateModified\":\"2023-06-23T08:36:20+00:00\",\"description\":\"De nombreuses ann\u00e9es d'exp\u00e9rience dans l'animation multilingue de campagnes d'information et de pr\u00e9vention, de formations ou d'\u00e9v\u00e9nements.\",\"breadcrumb\":{\"@id\":\"https:\\\/\\\/irenegodel.ch\\\/fr\\\/animatrice\\\/#breadcrumb\"},\"inLanguage\":\"fr-FR\",\"potentialAction\":[{\"@type\":\"ReadAction\",\"target\":[\"https:\\\/\\\/irenegodel.ch\\\/fr\\\/animatrice\\\/\"]}]},{\"@type\":\"BreadcrumbList\",\"@id\":\"https:\\\/\\\/irenegodel.ch\\\/fr\\\/animatrice\\\/#breadcrumb\",\"itemListElement\":[{\"@type\":\"ListItem\",\"position\":1,\"name\":\"Startseite\",\"item\":\"https:\\\/\\\/irenegodel.ch\\\/fr\\\/\"},{\"@type\":\"ListItem\",\"position\":2,\"name\":\"Animatrice\"}]},{\"@type\":\"WebSite\",\"@id\":\"https:\\\/\\\/irenegodel.ch\\\/#website\",\"url\":\"https:\\\/\\\/irenegodel.ch\\\/\",\"name\":\"Irene Godel\",\"description\":\"Schauspielerin | Sprecherin\",\"publisher\":{\"@id\":\"https:\\\/\\\/irenegodel.ch\\\/#organization\"},\"potentialAction\":[{\"@type\":\"SearchAction\",\"target\":{\"@type\":\"EntryPoint\",\"urlTemplate\":\"https:\\\/\\\/irenegodel.ch\\\/?s={search_term_string}\"},\"query-input\":{\"@type\":\"PropertyValueSpecification\",\"valueRequired\":true,\"valueName\":\"search_term_string\"}}],\"inLanguage\":\"fr-FR\"},{\"@type\":\"Organization\",\"@id\":\"https:\\\/\\\/irenegodel.ch\\\/#organization\",\"name\":\"Irene Godel\",\"url\":\"https:\\\/\\\/irenegodel.ch\\\/\",\"logo\":{\"@type\":\"ImageObject\",\"inLanguage\":\"fr-FR\",\"@id\":\"https:\\\/\\\/irenegodel.ch\\\/#\\\/schema\\\/logo\\\/image\\\/\",\"url\":\"https:\\\/\\\/irenegodel.ch\\\/wp-content\\\/uploads\\\/2021\\\/08\\\/Logo-Irene-godel-klein.jpg\",\"contentUrl\":\"https:\\\/\\\/irenegodel.ch\\\/wp-content\\\/uploads\\\/2021\\\/08\\\/Logo-Irene-godel-klein.jpg\",\"width\":100,\"height\":62,\"caption\":\"Irene Godel\"},\"image\":{\"@id\":\"https:\\\/\\\/irenegodel.ch\\\/#\\\/schema\\\/logo\\\/image\\\/\"},\"sameAs\":[\"https:\\\/\\\/x.com\\\/GodelIrene\",\"https:\\\/\\\/instagram.com\\\/irenegodel\",\"https:\\\/\\\/www.linkedin.com\\\/in\\\/irene-godel-9512b716\\\/\"]}]}<\/script>\n<!-- \/ Yoast SEO plugin. -->","yoast_head_json":{"title":"Animatrice Irene Godel -","description":"De nombreuses ann\u00e9es d'exp\u00e9rience dans l'animation multilingue de campagnes d'information et de pr\u00e9vention, de formations ou d'\u00e9v\u00e9nements.","robots":{"index":"index","follow":"follow","max-snippet":"max-snippet:-1","max-image-preview":"max-image-preview:large","max-video-preview":"max-video-preview:-1"},"canonical":"https:\/\/irenegodel.ch\/fr\/animatrice\/","og_locale":"fr_FR","og_type":"article","og_title":"Animatrice Irene Godel -","og_description":"De nombreuses ann\u00e9es d'exp\u00e9rience dans l'animation multilingue de campagnes d'information et de pr\u00e9vention, de formations ou d'\u00e9v\u00e9nements.","og_url":"https:\/\/irenegodel.ch\/fr\/animatrice\/","og_site_name":"Irene Godel","article_modified_time":"2023-06-23T08:36:20+00:00","twitter_card":"summary_large_image","twitter_site":"@GodelIrene","twitter_misc":{"Dur\u00e9e de lecture estim\u00e9e":"2 minutes"},"schema":{"@context":"https:\/\/schema.org","@graph":[{"@type":"WebPage","@id":"https:\/\/irenegodel.ch\/fr\/animatrice\/","url":"https:\/\/irenegodel.ch\/fr\/animatrice\/","name":"Animatrice Irene Godel -","isPartOf":{"@id":"https:\/\/irenegodel.ch\/#website"},"datePublished":"2021-04-27T11:33:38+00:00","dateModified":"2023-06-23T08:36:20+00:00","description":"De nombreuses ann\u00e9es d'exp\u00e9rience dans l'animation multilingue de campagnes d'information et de pr\u00e9vention, de formations ou d'\u00e9v\u00e9nements.","breadcrumb":{"@id":"https:\/\/irenegodel.ch\/fr\/animatrice\/#breadcrumb"},"inLanguage":"fr-FR","potentialAction":[{"@type":"ReadAction","target":["https:\/\/irenegodel.ch\/fr\/animatrice\/"]}]},{"@type":"BreadcrumbList","@id":"https:\/\/irenegodel.ch\/fr\/animatrice\/#breadcrumb","itemListElement":[{"@type":"ListItem","position":1,"name":"Startseite","item":"https:\/\/irenegodel.ch\/fr\/"},{"@type":"ListItem","position":2,"name":"Animatrice"}]},{"@type":"WebSite","@id":"https:\/\/irenegodel.ch\/#website","url":"https:\/\/irenegodel.ch\/","name":"Irene Godel","description":"Schauspielerin | Sprecherin","publisher":{"@id":"https:\/\/irenegodel.ch\/#organization"},"potentialAction":[{"@type":"SearchAction","target":{"@type":"EntryPoint","urlTemplate":"https:\/\/irenegodel.ch\/?s={search_term_string}"},"query-input":{"@type":"PropertyValueSpecification","valueRequired":true,"valueName":"search_term_string"}}],"inLanguage":"fr-FR"},{"@type":"Organization","@id":"https:\/\/irenegodel.ch\/#organization","name":"Irene Godel","url":"https:\/\/irenegodel.ch\/","logo":{"@type":"ImageObject","inLanguage":"fr-FR","@id":"https:\/\/irenegodel.ch\/#\/schema\/logo\/image\/","url":"https:\/\/irenegodel.ch\/wp-content\/uploads\/2021\/08\/Logo-Irene-godel-klein.jpg","contentUrl":"https:\/\/irenegodel.ch\/wp-content\/uploads\/2021\/08\/Logo-Irene-godel-klein.jpg","width":100,"height":62,"caption":"Irene Godel"},"image":{"@id":"https:\/\/irenegodel.ch\/#\/schema\/logo\/image\/"},"sameAs":["https:\/\/x.com\/GodelIrene","https:\/\/instagram.com\/irenegodel","https:\/\/www.linkedin.com\/in\/irene-godel-9512b716\/"]}]}},"_links":{"self":[{"href":"https:\/\/irenegodel.ch\/fr\/wp-json\/wp\/v2\/pages\/1051","targetHints":{"allow":["GET"]}}],"collection":[{"href":"https:\/\/irenegodel.ch\/fr\/wp-json\/wp\/v2\/pages"}],"about":[{"href":"https:\/\/irenegodel.ch\/fr\/wp-json\/wp\/v2\/types\/page"}],"author":[{"embeddable":true,"href":"https:\/\/irenegodel.ch\/fr\/wp-json\/wp\/v2\/users\/1"}],"replies":[{"embeddable":true,"href":"https:\/\/irenegodel.ch\/fr\/wp-json\/wp\/v2\/comments?post=1051"}],"version-history":[{"count":35,"href":"https:\/\/irenegodel.ch\/fr\/wp-json\/wp\/v2\/pages\/1051\/revisions"}],"predecessor-version":[{"id":2751,"href":"https:\/\/irenegodel.ch\/fr\/wp-json\/wp\/v2\/pages\/1051\/revisions\/2751"}],"wp:attachment":[{"href":"https:\/\/irenegodel.ch\/fr\/wp-json\/wp\/v2\/media?parent=1051"}],"curies":[{"name":"wp","href":"https:\/\/api.w.org\/{rel}","templated":true}]}}