{"id":1021,"date":"2021-04-27T12:58:22","date_gmt":"2021-04-27T12:58:22","guid":{"rendered":"http:\/\/godel.cyon.link\/infos\/"},"modified":"2022-03-21T14:59:41","modified_gmt":"2022-03-21T14:59:41","slug":"infos","status":"publish","type":"page","link":"https:\/\/irenegodel.ch\/fr\/infos\/","title":{"rendered":"Sur moi"},"content":{"rendered":"<p>[et_pb_section fb_built=\u00a0\u00bb1&Prime; fullwidth=\u00a0\u00bbon\u00a0\u00bb _builder_version=\u00a0\u00bb4.15&Prime; _module_preset=\u00a0\u00bbdefault\u00a0\u00bb global_colors_info=\u00a0\u00bb{}\u00a0\u00bb][et_pb_fullwidth_header header_fullscreen=\u00a0\u00bbon\u00a0\u00bb button_one_url=\u00a0\u00bb#WERBUNG\u00a0\u00bb content_max_width=\u00a0\u00bb450px\u00a0\u00bb _builder_version=\u00a0\u00bb4.15&Prime; title_font=\u00a0\u00bbPlayfair Display|600||on|||||\u00a0\u00bb title_text_color=\u00a0\u00bb#e12467&Prime; title_font_size=\u00a0\u00bb60px\u00a0\u00bb content_font=\u00a0\u00bb||||||||\u00a0\u00bb content_font_size=\u00a0\u00bb60px\u00a0\u00bb content_line_height=\u00a0\u00bb1.8em\u00a0\u00bb background_color=\u00a0\u00bbrgba(1,2,41,0)\u00a0\u00bb background_image=\u00a0\u00bbhttps:\/\/irenegodel.ch\/wp-content\/uploads\/2021\/07\/irene13NB-animatrice-bandeau-1024&#215;563-1.jpg\u00a0\u00bb custom_button_one=\u00a0\u00bbon\u00a0\u00bb button_one_text_size=\u00a0\u00bb15px\u00a0\u00bb button_one_text_color=\u00a0\u00bb#e12467&Prime; button_one_bg_color=\u00a0\u00bb#FFFFFF\u00a0\u00bb button_one_border_width=\u00a0\u00bb0px\u00a0\u00bb button_one_border_color=\u00a0\u00bbRGBA(0,0,0,0)\u00a0\u00bb button_one_border_radius=\u00a0\u00bb10px\u00a0\u00bb button_one_letter_spacing=\u00a0\u00bb0px\u00a0\u00bb button_one_font=\u00a0\u00bb||||||||\u00a0\u00bb button_one_icon=\u00a0\u00bb&#x24;||divi||400&Prime; background_layout=\u00a0\u00bblight\u00a0\u00bb custom_padding_tablet=\u00a0\u00bb\u00a0\u00bb custom_padding_phone=\u00a0\u00bb\u00a0\u00bb custom_padding_last_edited=\u00a0\u00bbon|phone\u00a0\u00bb title_font_size_tablet=\u00a0\u00bb46px\u00a0\u00bb title_font_size_phone=\u00a0\u00bb32px\u00a0\u00bb title_font_size_last_edited=\u00a0\u00bbon|phone\u00a0\u00bb content_font_size_tablet=\u00a0\u00bb32px\u00a0\u00bb content_font_size_phone=\u00a0\u00bb20px\u00a0\u00bb content_font_size_last_edited=\u00a0\u00bbon|phone\u00a0\u00bb background_last_edited=\u00a0\u00bbon|phone\u00a0\u00bb background_image_tablet=\u00a0\u00bbhttps:\/\/irenegodel.ch\/wp-content\/uploads\/2021\/07\/irene13NB-animatrice-bandeau-1024&#215;563-1.jpg\u00a0\u00bb background_image_phone=\u00a0\u00bbhttps:\/\/irenegodel.ch\/wp-content\/uploads\/2021\/09\/ueber-uns-mobile.jpg\u00a0\u00bb background_enable_image_tablet=\u00a0\u00bbon\u00a0\u00bb background_enable_image_phone=\u00a0\u00bbon\u00a0\u00bb parallax_tablet=\u00a0\u00bboff\u00a0\u00bb background_size_phone=\u00a0\u00bbcover\u00a0\u00bb background_position_tablet=\u00a0\u00bbcenter_right\u00a0\u00bb background_position_phone=\u00a0\u00bbcenter\u00a0\u00bb border_color_all=\u00a0\u00bb#ffffff\u00a0\u00bb global_colors_info=\u00a0\u00bb{}\u00a0\u00bb button_one_text_color__hover_enabled=\u00a0\u00bbon|desktop\u00a0\u00bb button_one_text_color__hover=\u00a0\u00bb#FFFFFF\u00a0\u00bb button_one_bg_color__hover_enabled=\u00a0\u00bbon|desktop\u00a0\u00bb button_one_bg_color__hover=\u00a0\u00bb#e12467&Prime; button_one_border_color__hover_enabled=\u00a0\u00bbon|desktop\u00a0\u00bb button_one_border_color__hover=\u00a0\u00bb#FFFFFF\u00a0\u00bb button_one_bg_enable_color__hover=\u00a0\u00bbon\u00a0\u00bb button_one_letter_spacing__hover_enabled=\u00a0\u00bbon|hover\u00a0\u00bb button_one_letter_spacing__hover=\u00a0\u00bb3px\u00a0\u00bb]<\/p>\n<h1>SUR MOI<\/h1>\n<p>[\/et_pb_fullwidth_header][\/et_pb_section][et_pb_section fb_built=\u00a0\u00bb1&Prime; _builder_version=\u00a0\u00bb4.15&Prime; _module_preset=\u00a0\u00bbdefault\u00a0\u00bb global_colors_info=\u00a0\u00bb{}\u00a0\u00bb][et_pb_row custom_padding_last_edited=\u00a0\u00bbon|desktop\u00a0\u00bb module_id=\u00a0\u00bbIRENE-GODEL\u00a0\u00bb _builder_version=\u00a0\u00bb4.15&Prime; _module_preset=\u00a0\u00bbdefault\u00a0\u00bb custom_padding=\u00a0\u00bb||0px||false|false\u00a0\u00bb custom_padding_tablet=\u00a0\u00bb||0px||false|false\u00a0\u00bb custom_padding_phone=\u00a0\u00bb||0px||false|false\u00a0\u00bb global_colors_info=\u00a0\u00bb{}\u00a0\u00bb][et_pb_column type=\u00a0\u00bb4_4&Prime; _builder_version=\u00a0\u00bb4.15&Prime; _module_preset=\u00a0\u00bbdefault\u00a0\u00bb global_colors_info=\u00a0\u00bb{}\u00a0\u00bb][et_pb_text module_id=\u00a0\u00bbIRENE-GODEL\u00a0\u00bb _builder_version=\u00a0\u00bb4.15&Prime; _module_preset=\u00a0\u00bbdefault\u00a0\u00bb header_font=\u00a0\u00bbPlayfair Display|600|||||||\u00a0\u00bb header_text_color=\u00a0\u00bb#e12467&Prime; header_font_size=\u00a0\u00bb60px\u00a0\u00bb header_2_font=\u00a0\u00bbPlayfair Display SC|700|||||||\u00a0\u00bb header_2_text_color=\u00a0\u00bb#e12467&Prime; header_2_font_size=\u00a0\u00bb38px\u00a0\u00bb header_font_size_tablet=\u00a0\u00bb46px\u00a0\u00bb header_font_size_phone=\u00a0\u00bb32px\u00a0\u00bb header_font_size_last_edited=\u00a0\u00bbon|phone\u00a0\u00bb header_2_font_size_tablet=\u00a0\u00bb32px\u00a0\u00bb header_2_font_size_phone=\u00a0\u00bb28px\u00a0\u00bb header_2_font_size_last_edited=\u00a0\u00bbon|tablet\u00a0\u00bb global_colors_info=\u00a0\u00bb{}\u00a0\u00bb]<\/p>\n<h2>UN APER\u00c7U<\/h2>\n<p>[\/et_pb_text][\/et_pb_column][\/et_pb_row][et_pb_row _builder_version=\u00a0\u00bb4.15&Prime; _module_preset=\u00a0\u00bbdefault\u00a0\u00bb global_colors_info=\u00a0\u00bb{}\u00a0\u00bb][et_pb_column type=\u00a0\u00bb4_4&Prime; _builder_version=\u00a0\u00bb4.15&Prime; _module_preset=\u00a0\u00bbdefault\u00a0\u00bb global_colors_info=\u00a0\u00bb{}\u00a0\u00bb][et_pb_text _builder_version=\u00a0\u00bb4.15&Prime; _module_preset=\u00a0\u00bbdefault\u00a0\u00bb global_colors_info=\u00a0\u00bb{}\u00a0\u00bb]<\/p>\n<p>Apr\u00e8s une formation \u00e0 la Section professionnelle d\u2019Art dramatique du Conservatoire de Lausanne (SPAD), je m\u2019envole rapidement vers le Canada pour une tourn\u00e9e de Huis clos de Jean-Paul Sartre. D\u00e8s mon retour en 1995 j\u2019incarne la Marquise dans le Legs de Marivaux au Th\u00e9\u00e2tre d\u2019\u00e9t\u00e9 \u00e0 Vernier. Tout a commenc\u00e9 l\u00e0, il y a bien longtemps.<\/p>\n<p>En 1997, je joue dans Oleanna de David Mamet, au premier festival de th\u00e9\u00e2tre de Sarajevo juste apr\u00e8s la guerre. Nous nous produisons ensuite \u00e0 Chypre.<\/p>\n<p>Dans les ann\u00e9es 2000, j\u2019obtiens mon premier r\u00f4le au cin\u00e9ma. Une psychiatre dans <span>\u00ab <\/span>Absolut <span>\u00bb<\/span> de Romed Wyder. Puis j\u2019incarne une pharmacienne dans <span>\u00ab <\/span>Christmas in Love <span>\u00bb<\/span> de Neri Parenti aux c\u00f4t\u00e9s de Christian De Sica et Massimo Boldi. Enfin je me transforme en prostitu\u00e9e dans <span>\u00ab <\/span>Night Shadows <span>\u00ab<\/span> de Nasser Bakhty.<\/p>\n<p>En 2009, j\u2019obtiens un r\u00f4le principal dans Un petit jeu sans cons\u00e9quence de G\u00e9rald Sibleyras et Jean Dell au Th\u00e9\u00e2tre d\u2019\u00e9t\u00e9 \u00e0 Vernier. En parall\u00e8le je commence \u00e0 travailler comme \u00ab voix off \u00bb pour des documentaires et des spots publicitaires. Ainsi Swisscom et NIVEA font appel \u00e0 mes services pour devenir une de leurs voix officielles en fran\u00e7ais. Ce qui \u00e9tait d\u2019abord une activit\u00e9 accessoire devient petit \u00e0 petit mon occupation professionnelle principale.<\/p>\n<p>J\u2019anime \u00e9galement de nombreux shows professionnels pour d\u2019importants groupes internationaux comme Volkswagen ou Michelin. Entre 2001 et 2017, j\u2019ai particip\u00e9 \u00e0 plusieurs grandes manifestations\u2009: Salon de l\u2019Automobile \u00e0 Gen\u00e8ve, Francfort et Paris, les 24 Heures du Mans, AgriTechnica de Hannovre ou encore des s\u00e9minaires de d\u00e9monstration en Lettonie destin\u00e9s aux m\u00e9dias internationaux.<br \/>Mais le travail artistique fait toujours partie de mon activit\u00e9. Depuis 2016 je fais r\u00e9guli\u00e8rement des lectures sc\u00e9niques de litt\u00e9rature th\u00e9\u00e2trale et de correspondances \u00e9pistolaires, en solo, avec un partenaire ou des musiciens.<\/p>\n<p>[\/et_pb_text][\/et_pb_column][\/et_pb_row][et_pb_row module_id=\u00a0\u00bbREFERENZEN\u00a0\u00bb _builder_version=\u00a0\u00bb4.15&Prime; _module_preset=\u00a0\u00bbdefault\u00a0\u00bb custom_padding=\u00a0\u00bb100px||||false|false\u00a0\u00bb global_colors_info=\u00a0\u00bb{}\u00a0\u00bb][et_pb_column type=\u00a0\u00bb4_4&Prime; _builder_version=\u00a0\u00bb4.15&Prime; _module_preset=\u00a0\u00bbdefault\u00a0\u00bb global_colors_info=\u00a0\u00bb{}\u00a0\u00bb][et_pb_text module_id=\u00a0\u00bbREFERENZEN\u00a0\u00bb _builder_version=\u00a0\u00bb4.15&Prime; _module_preset=\u00a0\u00bbdefault\u00a0\u00bb header_font=\u00a0\u00bbPlayfair Display|600|||||||\u00a0\u00bb header_text_color=\u00a0\u00bb#e12467&Prime; header_font_size=\u00a0\u00bb60px\u00a0\u00bb header_2_font=\u00a0\u00bbPlayfair Display SC|700|||||||\u00a0\u00bb header_2_text_color=\u00a0\u00bb#e12467&Prime; header_2_font_size=\u00a0\u00bb38px\u00a0\u00bb header_font_size_tablet=\u00a0\u00bb46px\u00a0\u00bb header_font_size_phone=\u00a0\u00bb32px\u00a0\u00bb header_font_size_last_edited=\u00a0\u00bbon|phone\u00a0\u00bb header_2_font_size_tablet=\u00a0\u00bb32px\u00a0\u00bb header_2_font_size_phone=\u00a0\u00bb28px\u00a0\u00bb header_2_font_size_last_edited=\u00a0\u00bbon|tablet\u00a0\u00bb global_colors_info=\u00a0\u00bb{}\u00a0\u00bb]<\/p>\n<h2>R\u00c9F\u00c9RENCES<\/h2>\n<p>[\/et_pb_text][et_pb_image src=\u00a0\u00bbhttps:\/\/irenegodel.ch\/wp-content\/uploads\/2022\/03\/irene-godel-referenzen-maerz22.jpg\u00a0\u00bb alt=\u00a0\u00bbReferenzen\u00a0\u00bb title_text=\u00a0\u00bbirene-godel-referenzen-maerz22&Prime; _builder_version=\u00a0\u00bb4.15.1&Prime; _module_preset=\u00a0\u00bbdefault\u00a0\u00bb hover_enabled=\u00a0\u00bb0&Prime; global_colors_info=\u00a0\u00bb{}\u00a0\u00bb sticky_enabled=\u00a0\u00bb0&Prime;][\/et_pb_image][\/et_pb_column][\/et_pb_row][\/et_pb_section][et_pb_section fb_built=\u00a0\u00bb1&Prime; _builder_version=\u00a0\u00bb4.9.4&Prime; _module_preset=\u00a0\u00bbdefault\u00a0\u00bb background_color=\u00a0\u00bb#000000&Prime; global_module=\u00a0\u00bb1017&Prime; global_colors_info=\u00a0\u00bb{}\u00a0\u00bb][et_pb_row _builder_version=\u00a0\u00bb4.15&Prime; _module_preset=\u00a0\u00bbdefault\u00a0\u00bb global_colors_info=\u00a0\u00bb{}\u00a0\u00bb][et_pb_column type=\u00a0\u00bb4_4&Prime; _builder_version=\u00a0\u00bb4.15&Prime; _module_preset=\u00a0\u00bbdefault\u00a0\u00bb global_colors_info=\u00a0\u00bb{}\u00a0\u00bb][et_pb_text _builder_version=\u00a0\u00bb4.15&Prime; _module_preset=\u00a0\u00bbdefault\u00a0\u00bb text_text_color=\u00a0\u00bb#FFFFFF\u00a0\u00bb text_font_size_tablet=\u00a0\u00bb\u00a0\u00bb text_font_size_phone=\u00a0\u00bb12px\u00a0\u00bb text_font_size_last_edited=\u00a0\u00bbon|phone\u00a0\u00bb global_colors_info=\u00a0\u00bb{}\u00a0\u00bb]<\/p>\n<p style=\"text-align: center;\"><span style=\"color: #ffffff;\"><a href=\"\/fr\/kontakt\/\" style=\"color: #ffffff;\">CONTACT<\/a><\/span><\/p>\n<p style=\"text-align: center;\"><span style=\"color: #ffffff;\"><a href=\"\/fr\/impressum\/\" style=\"color: #ffffff;\">IMPRESSUM<\/a>\u00a0 |\u00a0 <a href=\"\/fr\/datenschutz\" style=\"color: #ffffff;\">PROTECTION DES DONN\u00c9ES<\/a><\/span><br \/><span style=\"color: #ffffff;\">\u00a9 Irene Godel\u00a0 |\u00a0 Made with<\/span> <span style=\"color: #ff0000;\">\u2665<\/span> <span style=\"color: #ffffff;\">by <a style=\"color: #ffffff;\" href=\"https:\/\/webelyne.ch\/\" target=\"_blank\" rel=\"noopener\">webelyne<\/a><\/span><\/p>\n<p>[\/et_pb_text][\/et_pb_column][\/et_pb_row][\/et_pb_section]<\/p>\n","protected":false},"excerpt":{"rendered":"<p>SUR MOIUN APER\u00c7UApr\u00e8s une formation \u00e0 la Section professionnelle d\u2019Art dramatique du Conservatoire de Lausanne (SPAD), je m\u2019envole rapidement vers le Canada pour une tourn\u00e9e de Huis clos de Jean-Paul Sartre. D\u00e8s mon retour en 1995 j\u2019incarne la Marquise dans le Legs de Marivaux au Th\u00e9\u00e2tre d\u2019\u00e9t\u00e9 \u00e0 Vernier. Tout a commenc\u00e9 l\u00e0, il y [&hellip;]<\/p>\n","protected":false},"author":1,"featured_media":0,"parent":0,"menu_order":0,"comment_status":"closed","ping_status":"closed","template":"","meta":{"_et_pb_use_builder":"on","_et_pb_old_content":"","_et_gb_content_width":"","footnotes":""},"class_list":["post-1021","page","type-page","status-publish","hentry"],"yoast_head":"<!-- This site is optimized with the Yoast SEO plugin v27.4 - https:\/\/yoast.com\/product\/yoast-seo-wordpress\/ -->\n<title>Sur moi - Irene Godel<\/title>\n<meta name=\"description\" content=\"Ici, vous pouvez en savoir plus sur la polyvalence et l&#039;\u00e9ventail des talents d&#039;Irene Godel et leurs r\u00e9f\u00e9rences.\" \/>\n<meta name=\"robots\" content=\"index, follow, max-snippet:-1, max-image-preview:large, max-video-preview:-1\" \/>\n<link rel=\"canonical\" href=\"https:\/\/irenegodel.ch\/fr\/infos\/\" \/>\n<meta property=\"og:locale\" content=\"fr_FR\" \/>\n<meta property=\"og:type\" content=\"article\" \/>\n<meta property=\"og:title\" content=\"Sur moi - Irene Godel\" \/>\n<meta property=\"og:description\" content=\"Ici, vous pouvez en savoir plus sur la polyvalence et l&#039;\u00e9ventail des talents d&#039;Irene Godel et leurs r\u00e9f\u00e9rences.\" \/>\n<meta property=\"og:url\" content=\"https:\/\/irenegodel.ch\/fr\/infos\/\" \/>\n<meta property=\"og:site_name\" content=\"Irene Godel\" \/>\n<meta property=\"article:modified_time\" content=\"2022-03-21T14:59:41+00:00\" \/>\n<meta name=\"twitter:card\" content=\"summary_large_image\" \/>\n<meta name=\"twitter:site\" content=\"@GodelIrene\" \/>\n<meta name=\"twitter:label1\" content=\"Dur\u00e9e de lecture estim\u00e9e\" \/>\n\t<meta name=\"twitter:data1\" content=\"2 minutes\" \/>\n<script type=\"application\/ld+json\" class=\"yoast-schema-graph\">{\"@context\":\"https:\\\/\\\/schema.org\",\"@graph\":[{\"@type\":\"WebPage\",\"@id\":\"https:\\\/\\\/irenegodel.ch\\\/fr\\\/infos\\\/\",\"url\":\"https:\\\/\\\/irenegodel.ch\\\/fr\\\/infos\\\/\",\"name\":\"Sur moi - Irene Godel\",\"isPartOf\":{\"@id\":\"https:\\\/\\\/irenegodel.ch\\\/#website\"},\"datePublished\":\"2021-04-27T12:58:22+00:00\",\"dateModified\":\"2022-03-21T14:59:41+00:00\",\"description\":\"Ici, vous pouvez en savoir plus sur la polyvalence et l'\u00e9ventail des talents d'Irene Godel et leurs r\u00e9f\u00e9rences.\",\"breadcrumb\":{\"@id\":\"https:\\\/\\\/irenegodel.ch\\\/fr\\\/infos\\\/#breadcrumb\"},\"inLanguage\":\"fr-FR\",\"potentialAction\":[{\"@type\":\"ReadAction\",\"target\":[\"https:\\\/\\\/irenegodel.ch\\\/fr\\\/infos\\\/\"]}]},{\"@type\":\"BreadcrumbList\",\"@id\":\"https:\\\/\\\/irenegodel.ch\\\/fr\\\/infos\\\/#breadcrumb\",\"itemListElement\":[{\"@type\":\"ListItem\",\"position\":1,\"name\":\"Startseite\",\"item\":\"https:\\\/\\\/irenegodel.ch\\\/fr\\\/\"},{\"@type\":\"ListItem\",\"position\":2,\"name\":\"Sur moi\"}]},{\"@type\":\"WebSite\",\"@id\":\"https:\\\/\\\/irenegodel.ch\\\/#website\",\"url\":\"https:\\\/\\\/irenegodel.ch\\\/\",\"name\":\"Irene Godel\",\"description\":\"Schauspielerin | Sprecherin\",\"publisher\":{\"@id\":\"https:\\\/\\\/irenegodel.ch\\\/#organization\"},\"potentialAction\":[{\"@type\":\"SearchAction\",\"target\":{\"@type\":\"EntryPoint\",\"urlTemplate\":\"https:\\\/\\\/irenegodel.ch\\\/?s={search_term_string}\"},\"query-input\":{\"@type\":\"PropertyValueSpecification\",\"valueRequired\":true,\"valueName\":\"search_term_string\"}}],\"inLanguage\":\"fr-FR\"},{\"@type\":\"Organization\",\"@id\":\"https:\\\/\\\/irenegodel.ch\\\/#organization\",\"name\":\"Irene Godel\",\"url\":\"https:\\\/\\\/irenegodel.ch\\\/\",\"logo\":{\"@type\":\"ImageObject\",\"inLanguage\":\"fr-FR\",\"@id\":\"https:\\\/\\\/irenegodel.ch\\\/#\\\/schema\\\/logo\\\/image\\\/\",\"url\":\"https:\\\/\\\/irenegodel.ch\\\/wp-content\\\/uploads\\\/2021\\\/08\\\/Logo-Irene-godel-klein.jpg\",\"contentUrl\":\"https:\\\/\\\/irenegodel.ch\\\/wp-content\\\/uploads\\\/2021\\\/08\\\/Logo-Irene-godel-klein.jpg\",\"width\":100,\"height\":62,\"caption\":\"Irene Godel\"},\"image\":{\"@id\":\"https:\\\/\\\/irenegodel.ch\\\/#\\\/schema\\\/logo\\\/image\\\/\"},\"sameAs\":[\"https:\\\/\\\/x.com\\\/GodelIrene\",\"https:\\\/\\\/instagram.com\\\/irenegodel\",\"https:\\\/\\\/www.linkedin.com\\\/in\\\/irene-godel-9512b716\\\/\"]}]}<\/script>\n<!-- \/ Yoast SEO plugin. -->","yoast_head_json":{"title":"Sur moi - Irene Godel","description":"Ici, vous pouvez en savoir plus sur la polyvalence et l'\u00e9ventail des talents d'Irene Godel et leurs r\u00e9f\u00e9rences.","robots":{"index":"index","follow":"follow","max-snippet":"max-snippet:-1","max-image-preview":"max-image-preview:large","max-video-preview":"max-video-preview:-1"},"canonical":"https:\/\/irenegodel.ch\/fr\/infos\/","og_locale":"fr_FR","og_type":"article","og_title":"Sur moi - Irene Godel","og_description":"Ici, vous pouvez en savoir plus sur la polyvalence et l'\u00e9ventail des talents d'Irene Godel et leurs r\u00e9f\u00e9rences.","og_url":"https:\/\/irenegodel.ch\/fr\/infos\/","og_site_name":"Irene Godel","article_modified_time":"2022-03-21T14:59:41+00:00","twitter_card":"summary_large_image","twitter_site":"@GodelIrene","twitter_misc":{"Dur\u00e9e de lecture estim\u00e9e":"2 minutes"},"schema":{"@context":"https:\/\/schema.org","@graph":[{"@type":"WebPage","@id":"https:\/\/irenegodel.ch\/fr\/infos\/","url":"https:\/\/irenegodel.ch\/fr\/infos\/","name":"Sur moi - Irene Godel","isPartOf":{"@id":"https:\/\/irenegodel.ch\/#website"},"datePublished":"2021-04-27T12:58:22+00:00","dateModified":"2022-03-21T14:59:41+00:00","description":"Ici, vous pouvez en savoir plus sur la polyvalence et l'\u00e9ventail des talents d'Irene Godel et leurs r\u00e9f\u00e9rences.","breadcrumb":{"@id":"https:\/\/irenegodel.ch\/fr\/infos\/#breadcrumb"},"inLanguage":"fr-FR","potentialAction":[{"@type":"ReadAction","target":["https:\/\/irenegodel.ch\/fr\/infos\/"]}]},{"@type":"BreadcrumbList","@id":"https:\/\/irenegodel.ch\/fr\/infos\/#breadcrumb","itemListElement":[{"@type":"ListItem","position":1,"name":"Startseite","item":"https:\/\/irenegodel.ch\/fr\/"},{"@type":"ListItem","position":2,"name":"Sur moi"}]},{"@type":"WebSite","@id":"https:\/\/irenegodel.ch\/#website","url":"https:\/\/irenegodel.ch\/","name":"Irene Godel","description":"Schauspielerin | Sprecherin","publisher":{"@id":"https:\/\/irenegodel.ch\/#organization"},"potentialAction":[{"@type":"SearchAction","target":{"@type":"EntryPoint","urlTemplate":"https:\/\/irenegodel.ch\/?s={search_term_string}"},"query-input":{"@type":"PropertyValueSpecification","valueRequired":true,"valueName":"search_term_string"}}],"inLanguage":"fr-FR"},{"@type":"Organization","@id":"https:\/\/irenegodel.ch\/#organization","name":"Irene Godel","url":"https:\/\/irenegodel.ch\/","logo":{"@type":"ImageObject","inLanguage":"fr-FR","@id":"https:\/\/irenegodel.ch\/#\/schema\/logo\/image\/","url":"https:\/\/irenegodel.ch\/wp-content\/uploads\/2021\/08\/Logo-Irene-godel-klein.jpg","contentUrl":"https:\/\/irenegodel.ch\/wp-content\/uploads\/2021\/08\/Logo-Irene-godel-klein.jpg","width":100,"height":62,"caption":"Irene Godel"},"image":{"@id":"https:\/\/irenegodel.ch\/#\/schema\/logo\/image\/"},"sameAs":["https:\/\/x.com\/GodelIrene","https:\/\/instagram.com\/irenegodel","https:\/\/www.linkedin.com\/in\/irene-godel-9512b716\/"]}]}},"_links":{"self":[{"href":"https:\/\/irenegodel.ch\/fr\/wp-json\/wp\/v2\/pages\/1021","targetHints":{"allow":["GET"]}}],"collection":[{"href":"https:\/\/irenegodel.ch\/fr\/wp-json\/wp\/v2\/pages"}],"about":[{"href":"https:\/\/irenegodel.ch\/fr\/wp-json\/wp\/v2\/types\/page"}],"author":[{"embeddable":true,"href":"https:\/\/irenegodel.ch\/fr\/wp-json\/wp\/v2\/users\/1"}],"replies":[{"embeddable":true,"href":"https:\/\/irenegodel.ch\/fr\/wp-json\/wp\/v2\/comments?post=1021"}],"version-history":[{"count":23,"href":"https:\/\/irenegodel.ch\/fr\/wp-json\/wp\/v2\/pages\/1021\/revisions"}],"predecessor-version":[{"id":2575,"href":"https:\/\/irenegodel.ch\/fr\/wp-json\/wp\/v2\/pages\/1021\/revisions\/2575"}],"wp:attachment":[{"href":"https:\/\/irenegodel.ch\/fr\/wp-json\/wp\/v2\/media?parent=1021"}],"curies":[{"name":"wp","href":"https:\/\/api.w.org\/{rel}","templated":true}]}}