{"id":1271,"date":"2021-04-27T12:58:22","date_gmt":"2021-04-27T12:58:22","guid":{"rendered":"http:\/\/godel.cyon.link\/infos\/"},"modified":"2022-03-21T15:00:50","modified_gmt":"2022-03-21T15:00:50","slug":"infos","status":"publish","type":"page","link":"https:\/\/irenegodel.ch\/en\/infos\/","title":{"rendered":"About me"},"content":{"rendered":"<p>[et_pb_section fb_built=&#8221;1&#8243; fullwidth=&#8221;on&#8221; _builder_version=&#8221;4.15&#8243; _module_preset=&#8221;default&#8221; global_colors_info=&#8221;{}&#8221;][et_pb_fullwidth_header header_fullscreen=&#8221;on&#8221; button_one_url=&#8221;#WERBUNG&#8221; content_max_width=&#8221;450px&#8221; _builder_version=&#8221;4.15&#8243; title_font=&#8221;Playfair Display|600||on|||||&#8221; title_text_color=&#8221;#e12467&#8243; title_font_size=&#8221;60px&#8221; content_font=&#8221;||||||||&#8221; content_font_size=&#8221;60px&#8221; content_line_height=&#8221;1.8em&#8221; background_color=&#8221;rgba(1,2,41,0)&#8221; background_image=&#8221;https:\/\/irenegodel.ch\/wp-content\/uploads\/2021\/07\/irene13NB-animatrice-bandeau-1024&#215;563-1.jpg&#8221; custom_button_one=&#8221;on&#8221; button_one_text_size=&#8221;15px&#8221; button_one_text_color=&#8221;#e12467&#8243; button_one_bg_color=&#8221;#FFFFFF&#8221; button_one_border_width=&#8221;0px&#8221; button_one_border_color=&#8221;RGBA(0,0,0,0)&#8221; button_one_border_radius=&#8221;10px&#8221; button_one_letter_spacing=&#8221;0px&#8221; button_one_font=&#8221;||||||||&#8221; button_one_icon=&#8221;&#x24;||divi||400&#8243; background_layout=&#8221;light&#8221; custom_padding_tablet=&#8221;&#8221; custom_padding_phone=&#8221;&#8221; custom_padding_last_edited=&#8221;on|phone&#8221; title_font_size_tablet=&#8221;46px&#8221; title_font_size_phone=&#8221;32px&#8221; title_font_size_last_edited=&#8221;on|phone&#8221; content_font_size_tablet=&#8221;32px&#8221; content_font_size_phone=&#8221;20px&#8221; content_font_size_last_edited=&#8221;on|phone&#8221; background_last_edited=&#8221;on|phone&#8221; background_image_tablet=&#8221;https:\/\/irenegodel.ch\/wp-content\/uploads\/2021\/07\/irene13NB-animatrice-bandeau-1024&#215;563-1.jpg&#8221; background_image_phone=&#8221;https:\/\/irenegodel.ch\/wp-content\/uploads\/2021\/09\/ueber-uns-mobile.jpg&#8221; background_enable_image_tablet=&#8221;on&#8221; background_enable_image_phone=&#8221;on&#8221; parallax_tablet=&#8221;off&#8221; background_size_phone=&#8221;cover&#8221; background_position_tablet=&#8221;center_right&#8221; background_position_phone=&#8221;center&#8221; border_color_all=&#8221;#ffffff&#8221; global_colors_info=&#8221;{}&#8221; button_one_text_color__hover_enabled=&#8221;on|desktop&#8221; button_one_text_color__hover=&#8221;#FFFFFF&#8221; button_one_bg_color__hover_enabled=&#8221;on|desktop&#8221; button_one_bg_color__hover=&#8221;#e12467&#8243; button_one_border_color__hover_enabled=&#8221;on|desktop&#8221; button_one_border_color__hover=&#8221;#FFFFFF&#8221; button_one_bg_enable_color__hover=&#8221;on&#8221; button_one_letter_spacing__hover_enabled=&#8221;on|hover&#8221; button_one_letter_spacing__hover=&#8221;3px&#8221; background__hover_enabled=&#8221;on|desktop&#8221; background_image__hover=&#8221;https:\/\/irenegodel.ch\/wp-content\/uploads\/2021\/07\/irene13NB-animatrice-bandeau-1024&#215;563-1.jpg&#8221; background_enable_image__hover=&#8221;on&#8221;]<\/p>\n<h1>ABOUT ME<\/h1>\n<p>[\/et_pb_fullwidth_header][\/et_pb_section][et_pb_section fb_built=&#8221;1&#8243; _builder_version=&#8221;4.15&#8243; _module_preset=&#8221;default&#8221; global_colors_info=&#8221;{}&#8221;][et_pb_row custom_padding_last_edited=&#8221;on|desktop&#8221; module_id=&#8221;IRENE-GODEL&#8221; _builder_version=&#8221;4.15&#8243; _module_preset=&#8221;default&#8221; custom_padding=&#8221;||0px||false|false&#8221; custom_padding_tablet=&#8221;&#8221; custom_padding_phone=&#8221;&#8221; global_colors_info=&#8221;{}&#8221;][et_pb_column type=&#8221;4_4&#8243; _builder_version=&#8221;4.15&#8243; _module_preset=&#8221;default&#8221; global_colors_info=&#8221;{}&#8221;][et_pb_text module_id=&#8221;IRENE-GODEL&#8221; _builder_version=&#8221;4.15&#8243; _module_preset=&#8221;default&#8221; header_font=&#8221;Playfair Display|600|||||||&#8221; header_text_color=&#8221;#e12467&#8243; header_font_size=&#8221;60px&#8221; header_2_font=&#8221;Playfair Display SC|700|||||||&#8221; header_2_text_color=&#8221;#e12467&#8243; header_2_font_size=&#8221;38px&#8221; header_font_size_tablet=&#8221;46px&#8221; header_font_size_phone=&#8221;32px&#8221; header_font_size_last_edited=&#8221;on|phone&#8221; header_2_font_size_tablet=&#8221;32px&#8221; header_2_font_size_phone=&#8221;28px&#8221; header_2_font_size_last_edited=&#8221;on|tablet&#8221; global_colors_info=&#8221;{}&#8221;]<\/p>\n<h2>AN OVERVIEW<\/h2>\n<p>[\/et_pb_text][\/et_pb_column][\/et_pb_row][et_pb_row _builder_version=&#8221;4.15&#8243; _module_preset=&#8221;default&#8221; global_colors_info=&#8221;{}&#8221;][et_pb_column type=&#8221;4_4&#8243; _builder_version=&#8221;4.15&#8243; _module_preset=&#8221;default&#8221; global_colors_info=&#8221;{}&#8221;][et_pb_text _builder_version=&#8221;4.15&#8243; _module_preset=&#8221;default&#8221; global_colors_info=&#8221;{}&#8221;]After training at the Professional Section of Dramatic Art of the Lausanne Conservatory (SPAD), I quickly flew to Canada for a tour of Jean-Paul Sartre&#8217;s Huis clos. Upon my return in 1995 I played the Countess in Le Legs by Marivaux at the Th\u00e9\u00e2tre d&#8217;\u00e9t\u00e9 in Vernier. It all started there, a long time ago.<\/p>\n<p>In 1997, I played in Oleanna by David Mamet, at the first Sarajevo theatre festival just after the war. We then performed in Cyprus. At that time, I was also taking my first steps as a voice-over artist.<\/p>\n<p>In the 2000s I got my first film role. A psychiatrist in \u201cAbsolut\u201d by Romed Wyder. Then I played a pharmacist in &#8220;Christmas in Love&#8221; by Neri Parenti alongside Christian De Sica and Massimo Boldi. Finally, I became a prostitute in &#8220;Night Shadows&#8221; by Nasser Bakhty.<\/p>\n<p>In 2009, I got a leading role in &#8221; Un petit jeu sans cons\u00e9quence&#8221; by G\u00e9rald Sibleyras and Jean Dell at the Th\u00e9\u00e2tre d&#8217;\u00e9t\u00e9 in Vernier. Simultaneously I started to work more and more as a voice-over for documentaries and commercials. Swisscom and NIVEA called on my services to become one of their official French voices. What started out as a sideline has gradually become my main professional occupation. <\/p>\n<p>I also animate numerous professional shows for important international groups such as Volkswagen or Michelin. Between 2001 and 2017, I participated in several major events: the Geneva, Frankfurt, and Paris Motor Shows, the 24 Hours of Le Mans, the AgriTechnica in Hannover and demonstration seminars in Latvia for the international media.<\/p>\n<p>But artistic work is still part of my activity. Since 2016 I regularly do stage readings of theatrical literature and epistolary correspondence, solo, with a partner or musicians.[\/et_pb_text][\/et_pb_column][\/et_pb_row][et_pb_row module_id=&#8221;REFERENZEN&#8221; _builder_version=&#8221;4.15&#8243; _module_preset=&#8221;default&#8221; custom_padding=&#8221;100px||||false|false&#8221; global_colors_info=&#8221;{}&#8221;][et_pb_column type=&#8221;4_4&#8243; _builder_version=&#8221;4.15&#8243; _module_preset=&#8221;default&#8221; global_colors_info=&#8221;{}&#8221;][et_pb_text module_id=&#8221;REFERENZEN&#8221; _builder_version=&#8221;4.15&#8243; _module_preset=&#8221;default&#8221; header_font=&#8221;Playfair Display|600|||||||&#8221; header_text_color=&#8221;#e12467&#8243; header_font_size=&#8221;60px&#8221; header_2_font=&#8221;Playfair Display SC|700|||||||&#8221; header_2_text_color=&#8221;#e12467&#8243; header_2_font_size=&#8221;38px&#8221; header_font_size_tablet=&#8221;46px&#8221; header_font_size_phone=&#8221;32px&#8221; header_font_size_last_edited=&#8221;on|phone&#8221; header_2_font_size_tablet=&#8221;32px&#8221; header_2_font_size_phone=&#8221;28px&#8221; header_2_font_size_last_edited=&#8221;on|tablet&#8221; global_colors_info=&#8221;{}&#8221;]<\/p>\n<h2>REFERENCES<\/h2>\n<p>[\/et_pb_text][et_pb_image src=&#8221;https:\/\/irenegodel.ch\/wp-content\/uploads\/2022\/03\/irene-godel-referenzen-maerz22.jpg&#8221; alt=&#8221;Referenzen&#8221; title_text=&#8221;irene-godel-referenzen-maerz22&#8243; _builder_version=&#8221;4.15.1&#8243; _module_preset=&#8221;default&#8221; hover_enabled=&#8221;0&#8243; global_colors_info=&#8221;{}&#8221; sticky_enabled=&#8221;0&#8243;][\/et_pb_image][\/et_pb_column][\/et_pb_row][\/et_pb_section][et_pb_section fb_built=&#8221;1&#8243; _builder_version=&#8221;4.9.4&#8243; _module_preset=&#8221;default&#8221; background_color=&#8221;#000000&#8243; global_module=&#8221;1302&#8243; saved_tabs=&#8221;all&#8221; global_colors_info=&#8221;{}&#8221;][et_pb_row _builder_version=&#8221;4.15&#8243; _module_preset=&#8221;default&#8221; global_colors_info=&#8221;{}&#8221;][et_pb_column type=&#8221;4_4&#8243; _builder_version=&#8221;4.15&#8243; _module_preset=&#8221;default&#8221; global_colors_info=&#8221;{}&#8221;][et_pb_text content_tablet=&#8221;<\/p>\n<p style=%22text-align: center;%22><span style=%22color: #ffffff;%22><a href=%22\/en\/impressum%22 style=%22color: #ffffff;%22>IMPRINT <\/a> |  <a href=%22\/en\/datenschutz%22 style=%22color: #ffffff;%22>DATA PROTECTION<\/a>  |  <a href=%22\/en\/kontakt%22 style=%22color: #ffffff;%22>CONTACT<\/a><\/span><\/p>\n<p style=%22text-align: center;%22><span style=%22color: #ffffff;%22>\u00a9 Irene Godel  |  Made with<\/span> <span style=%22color: #ff0000;%22>\u2665<\/span> <span style=%22color: #ffffff;%22>by <a href=%22https:\/\/webelyne.ch\/%22 data-et-target-link=%22_blank%22 rel=%22noopener%22 style=%22color: #ffffff;%22>webelyne<\/a><\/span><\/p>\n<p>&#8221; content_phone=&#8221;<\/p>\n<p style=%22text-align: center;%22><span style=%22color: #ffffff;%22><a href=%22\/en\/impressum%22 style=%22color: #ffffff;%22>IMPRINT <\/a> |  <a href=%22\/en\/datenschutz%22 style=%22color: #ffffff;%22>DATA PROTECTION<\/a>  |  <a href=%22\/en\/kontakt%22 style=%22color: #ffffff;%22>CONTACT<\/a><\/span><\/p>\n<p style=%22text-align: center;%22><span style=%22color: #ffffff;%22>\u00a9 Irene Godel  |  Made with<\/span> <span style=%22color: #ff0000;%22>\u2665<\/span> <span style=%22color: #ffffff;%22>by <a href=%22https:\/\/webelyne.ch\/%22 data-et-target-link=%22_blank%22 rel=%22noopener%22 style=%22color: #ffffff;%22>webelyne<\/a><\/span><\/p>\n<p>&#8221; content_last_edited=&#8221;on|phone&#8221; _builder_version=&#8221;4.15&#8243; _module_preset=&#8221;default&#8221; text_text_color=&#8221;#FFFFFF&#8221; text_font_size_tablet=&#8221;&#8221; text_font_size_phone=&#8221;12px&#8221; text_font_size_last_edited=&#8221;on|phone&#8221; global_colors_info=&#8221;{}&#8221;]<\/p>\n<p style=\"text-align: center;\"><span style=\"color: #ffffff;\"><a href=\"\/en\/impressum\" style=\"color: #ffffff;\">IMPRINT\u00a0<\/a> |\u00a0 <a href=\"\/en\/datenschutz\" style=\"color: #ffffff;\">DATA PROTECTION<\/a>\u00a0 |\u00a0 <a href=\"\/en\/kontakt\" style=\"color: #ffffff;\">CONTACT<\/a><\/span><\/p>\n<p style=\"text-align: center;\"><span style=\"color: #ffffff;\">\u00a9 Irene Godel\u00a0 |\u00a0 Made with<\/span> <span style=\"color: #ff0000;\">\u2665<\/span> <span style=\"color: #ffffff;\">by <a href=\"https:\/\/webelyne.ch\/\" target=\"_blank\" rel=\"noopener\" style=\"color: #ffffff;\">webelyne<\/a><\/span><\/p>\n<p>[\/et_pb_text][\/et_pb_column][\/et_pb_row][\/et_pb_section]<\/p>\n","protected":false},"excerpt":{"rendered":"<p>ABOUT MEAN OVERVIEWAfter training at the Professional Section of Dramatic Art of the Lausanne Conservatory (SPAD), I quickly flew to Canada for a tour of Jean-Paul Sartre&#8217;s Huis clos. Upon my return in 1995 I played the Countess in Le Legs by Marivaux at the Th\u00e9\u00e2tre d&#8217;\u00e9t\u00e9 in Vernier. It all started there, a long [&hellip;]<\/p>\n","protected":false},"author":1,"featured_media":0,"parent":0,"menu_order":0,"comment_status":"closed","ping_status":"closed","template":"","meta":{"_et_pb_use_builder":"on","_et_pb_old_content":"","_et_gb_content_width":"","footnotes":""},"class_list":["post-1271","page","type-page","status-publish","hentry"],"yoast_head":"<!-- This site is optimized with the Yoast SEO plugin v27.4 - https:\/\/yoast.com\/product\/yoast-seo-wordpress\/ -->\n<title>About me - Irene Godel | Die Stimme und vieles mehr<\/title>\n<meta name=\"description\" content=\"Here you can find out more about the versatility and talent spectrum of Irene Godel and her references.\" \/>\n<meta name=\"robots\" content=\"index, follow, max-snippet:-1, max-image-preview:large, max-video-preview:-1\" \/>\n<link rel=\"canonical\" href=\"https:\/\/irenegodel.ch\/en\/infos\/\" \/>\n<meta property=\"og:locale\" content=\"en_US\" \/>\n<meta property=\"og:type\" content=\"article\" \/>\n<meta property=\"og:title\" content=\"About me - Irene Godel | Die Stimme und vieles mehr\" \/>\n<meta property=\"og:description\" content=\"Here you can find out more about the versatility and talent spectrum of Irene Godel and her references.\" \/>\n<meta property=\"og:url\" content=\"https:\/\/irenegodel.ch\/en\/infos\/\" \/>\n<meta property=\"og:site_name\" content=\"Irene Godel | Die Stimme und vieles mehr\" \/>\n<meta property=\"article:modified_time\" content=\"2022-03-21T15:00:50+00:00\" \/>\n<meta name=\"twitter:card\" content=\"summary_large_image\" \/>\n<meta name=\"twitter:site\" content=\"@GodelIrene\" \/>\n<meta name=\"twitter:label1\" content=\"Est. reading time\" \/>\n\t<meta name=\"twitter:data1\" content=\"3 minutes\" \/>\n<script type=\"application\/ld+json\" class=\"yoast-schema-graph\">{\"@context\":\"https:\\\/\\\/schema.org\",\"@graph\":[{\"@type\":\"WebPage\",\"@id\":\"https:\\\/\\\/irenegodel.ch\\\/en\\\/infos\\\/\",\"url\":\"https:\\\/\\\/irenegodel.ch\\\/en\\\/infos\\\/\",\"name\":\"About me - Irene Godel | Die Stimme und vieles mehr\",\"isPartOf\":{\"@id\":\"https:\\\/\\\/irenegodel.ch\\\/#website\"},\"datePublished\":\"2021-04-27T12:58:22+00:00\",\"dateModified\":\"2022-03-21T15:00:50+00:00\",\"description\":\"Here you can find out more about the versatility and talent spectrum of Irene Godel and her references.\",\"breadcrumb\":{\"@id\":\"https:\\\/\\\/irenegodel.ch\\\/en\\\/infos\\\/#breadcrumb\"},\"inLanguage\":\"en-US\",\"potentialAction\":[{\"@type\":\"ReadAction\",\"target\":[\"https:\\\/\\\/irenegodel.ch\\\/en\\\/infos\\\/\"]}]},{\"@type\":\"BreadcrumbList\",\"@id\":\"https:\\\/\\\/irenegodel.ch\\\/en\\\/infos\\\/#breadcrumb\",\"itemListElement\":[{\"@type\":\"ListItem\",\"position\":1,\"name\":\"Startseite\",\"item\":\"https:\\\/\\\/irenegodel.ch\\\/en\\\/\"},{\"@type\":\"ListItem\",\"position\":2,\"name\":\"About me\"}]},{\"@type\":\"WebSite\",\"@id\":\"https:\\\/\\\/irenegodel.ch\\\/#website\",\"url\":\"https:\\\/\\\/irenegodel.ch\\\/\",\"name\":\"Irene Godel | Die Stimme und vieles mehr\",\"description\":\"Off Stimme, la Voix, the Voice, la Voce\",\"publisher\":{\"@id\":\"https:\\\/\\\/irenegodel.ch\\\/#organization\"},\"potentialAction\":[{\"@type\":\"SearchAction\",\"target\":{\"@type\":\"EntryPoint\",\"urlTemplate\":\"https:\\\/\\\/irenegodel.ch\\\/?s={search_term_string}\"},\"query-input\":{\"@type\":\"PropertyValueSpecification\",\"valueRequired\":true,\"valueName\":\"search_term_string\"}}],\"inLanguage\":\"en-US\"},{\"@type\":\"Organization\",\"@id\":\"https:\\\/\\\/irenegodel.ch\\\/#organization\",\"name\":\"Irene Godel\",\"url\":\"https:\\\/\\\/irenegodel.ch\\\/\",\"logo\":{\"@type\":\"ImageObject\",\"inLanguage\":\"en-US\",\"@id\":\"https:\\\/\\\/irenegodel.ch\\\/#\\\/schema\\\/logo\\\/image\\\/\",\"url\":\"https:\\\/\\\/irenegodel.ch\\\/wp-content\\\/uploads\\\/2021\\\/08\\\/Logo-Irene-godel-klein.jpg\",\"contentUrl\":\"https:\\\/\\\/irenegodel.ch\\\/wp-content\\\/uploads\\\/2021\\\/08\\\/Logo-Irene-godel-klein.jpg\",\"width\":100,\"height\":62,\"caption\":\"Irene Godel\"},\"image\":{\"@id\":\"https:\\\/\\\/irenegodel.ch\\\/#\\\/schema\\\/logo\\\/image\\\/\"},\"sameAs\":[\"https:\\\/\\\/x.com\\\/GodelIrene\",\"https:\\\/\\\/instagram.com\\\/irenegodel\",\"https:\\\/\\\/www.linkedin.com\\\/in\\\/irene-godel-9512b716\\\/\"]}]}<\/script>\n<!-- \/ Yoast SEO plugin. -->","yoast_head_json":{"title":"About me - Irene Godel | Die Stimme und vieles mehr","description":"Here you can find out more about the versatility and talent spectrum of Irene Godel and her references.","robots":{"index":"index","follow":"follow","max-snippet":"max-snippet:-1","max-image-preview":"max-image-preview:large","max-video-preview":"max-video-preview:-1"},"canonical":"https:\/\/irenegodel.ch\/en\/infos\/","og_locale":"en_US","og_type":"article","og_title":"About me - Irene Godel | Die Stimme und vieles mehr","og_description":"Here you can find out more about the versatility and talent spectrum of Irene Godel and her references.","og_url":"https:\/\/irenegodel.ch\/en\/infos\/","og_site_name":"Irene Godel | Die Stimme und vieles mehr","article_modified_time":"2022-03-21T15:00:50+00:00","twitter_card":"summary_large_image","twitter_site":"@GodelIrene","twitter_misc":{"Est. reading time":"3 minutes"},"schema":{"@context":"https:\/\/schema.org","@graph":[{"@type":"WebPage","@id":"https:\/\/irenegodel.ch\/en\/infos\/","url":"https:\/\/irenegodel.ch\/en\/infos\/","name":"About me - Irene Godel | Die Stimme und vieles mehr","isPartOf":{"@id":"https:\/\/irenegodel.ch\/#website"},"datePublished":"2021-04-27T12:58:22+00:00","dateModified":"2022-03-21T15:00:50+00:00","description":"Here you can find out more about the versatility and talent spectrum of Irene Godel and her references.","breadcrumb":{"@id":"https:\/\/irenegodel.ch\/en\/infos\/#breadcrumb"},"inLanguage":"en-US","potentialAction":[{"@type":"ReadAction","target":["https:\/\/irenegodel.ch\/en\/infos\/"]}]},{"@type":"BreadcrumbList","@id":"https:\/\/irenegodel.ch\/en\/infos\/#breadcrumb","itemListElement":[{"@type":"ListItem","position":1,"name":"Startseite","item":"https:\/\/irenegodel.ch\/en\/"},{"@type":"ListItem","position":2,"name":"About me"}]},{"@type":"WebSite","@id":"https:\/\/irenegodel.ch\/#website","url":"https:\/\/irenegodel.ch\/","name":"Irene Godel | Die Stimme und vieles mehr","description":"Off Stimme, la Voix, the Voice, la Voce","publisher":{"@id":"https:\/\/irenegodel.ch\/#organization"},"potentialAction":[{"@type":"SearchAction","target":{"@type":"EntryPoint","urlTemplate":"https:\/\/irenegodel.ch\/?s={search_term_string}"},"query-input":{"@type":"PropertyValueSpecification","valueRequired":true,"valueName":"search_term_string"}}],"inLanguage":"en-US"},{"@type":"Organization","@id":"https:\/\/irenegodel.ch\/#organization","name":"Irene Godel","url":"https:\/\/irenegodel.ch\/","logo":{"@type":"ImageObject","inLanguage":"en-US","@id":"https:\/\/irenegodel.ch\/#\/schema\/logo\/image\/","url":"https:\/\/irenegodel.ch\/wp-content\/uploads\/2021\/08\/Logo-Irene-godel-klein.jpg","contentUrl":"https:\/\/irenegodel.ch\/wp-content\/uploads\/2021\/08\/Logo-Irene-godel-klein.jpg","width":100,"height":62,"caption":"Irene Godel"},"image":{"@id":"https:\/\/irenegodel.ch\/#\/schema\/logo\/image\/"},"sameAs":["https:\/\/x.com\/GodelIrene","https:\/\/instagram.com\/irenegodel","https:\/\/www.linkedin.com\/in\/irene-godel-9512b716\/"]}]}},"_links":{"self":[{"href":"https:\/\/irenegodel.ch\/en\/wp-json\/wp\/v2\/pages\/1271","targetHints":{"allow":["GET"]}}],"collection":[{"href":"https:\/\/irenegodel.ch\/en\/wp-json\/wp\/v2\/pages"}],"about":[{"href":"https:\/\/irenegodel.ch\/en\/wp-json\/wp\/v2\/types\/page"}],"author":[{"embeddable":true,"href":"https:\/\/irenegodel.ch\/en\/wp-json\/wp\/v2\/users\/1"}],"replies":[{"embeddable":true,"href":"https:\/\/irenegodel.ch\/en\/wp-json\/wp\/v2\/comments?post=1271"}],"version-history":[{"count":16,"href":"https:\/\/irenegodel.ch\/en\/wp-json\/wp\/v2\/pages\/1271\/revisions"}],"predecessor-version":[{"id":2577,"href":"https:\/\/irenegodel.ch\/en\/wp-json\/wp\/v2\/pages\/1271\/revisions\/2577"}],"wp:attachment":[{"href":"https:\/\/irenegodel.ch\/en\/wp-json\/wp\/v2\/media?parent=1271"}],"curies":[{"name":"wp","href":"https:\/\/api.w.org\/{rel}","templated":true}]}}